{"id":1054,"date":"2025-09-09T09:50:05","date_gmt":"2025-09-09T07:50:05","guid":{"rendered":"https:\/\/www.myscience.fi\/?page_id=1054"},"modified":"2026-02-23T16:08:09","modified_gmt":"2026-02-23T14:08:09","slug":"sommarlager","status":"publish","type":"page","link":"https:\/\/www.luma.fi\/sv\/for-barn-och-unga\/sommarlager\/","title":{"rendered":"Sommarl\u00e4ger"},"content":{"rendered":"\n<p>F\u00f6r barn och unga ordnar vi l\u00e4ger kring matematisk-naturvetenskapliga teman p\u00e5 sommaren och under skollov. Sommaren 2026 kommer vi att ordna sommarl\u00e4ger. N\u00e4rmare information om l\u00e4gren uppdateras p\u00e5 den h\u00e4r sidan i b\u00f6rjan av \u00e5ret, och ans\u00f6kningstiden f\u00f6r st\u00f6rsta delen av l\u00e4gren \u00e4r i b\u00f6rjan av mars.<\/p>\n\n\n\n<h2 class=\"wp-block-heading\">2026<\/h2>\n\n\n\n<h3 class=\"wp-block-heading\">Helsingfors<\/h3>\n\n\n\n<h4 class=\"wp-block-heading\">UniJunior sommarl\u00e4ger 2026 \u00e5k 3\u20136: Siffror och Saturnus 1\u20132.6.<\/h4>\n\n\n\n<p><em><strong>Hur h\u00e4nger siffror ihop med planeter? Vad har matematik gemensamt med rymden- och vad kan m\u00e4nniskans f\u00f6rst\u00e5elser om siffror ber\u00e4tta \u00e5t oss om samh\u00e4llen? P\u00e5 UniJuniors sommarl\u00e4ger Siffror och Saturnus f\u00f6r barn i \u00e5rskurs 3\u20136 startar vi sommaren med vetenskap, nyfikenhet och klurighet.&nbsp;Kom med och utforska allt fr\u00e5n siffror till Saturnus!<\/strong><\/em><\/p>\n\n\n\n<p>Under l\u00e4gret utforskar vi b\u00e5de det o\u00e4ndligt stora och det kluriga lilla. Genom roliga verkst\u00e4der f\u00e5r deltagarna unders\u00f6ka rymden, fundera \u00f6ver m\u00e4nniskans plats i universum, l\u00e4ra sig om kryptografi och uppt\u00e4cka hur matematik finns \u00f6verallt omkring oss: fr\u00e5n planeter i r\u00f6relse till m\u00f6nster, problem och lekar. B\u00e5da l\u00e4gerdagarna best\u00e5r av tv\u00e5 olika verkst\u00e4der som bjuder p\u00e5 experiment, \u00f6vningar och samspel. I en trygg och rolig milj\u00f6 f\u00e5r du nya insikter och ser p\u00e5 matematik och siffror med helt nya \u00f6gon.<\/p>\n\n\n\n<p><strong>Anm\u00e4l dig och l\u00e5t sommar\u00e4ventyret b\u00f6rja!<\/strong><\/p>\n\n\n\n<p>Under den f\u00f6rsta l\u00e4gerdagen, m\u00e5ndagen 1.6.2026, bes\u00f6ker vi Campus Vik och p\u00e5 den andra l\u00e4gerdagen, tisdagen 2.6.2025, tr\u00e4ffas vi p\u00e5 Campus Gumt\u00e4kt.&nbsp;Kom med p\u00e5 UniJuniors sommarl\u00e4ger 2026 och upplev tv\u00e5 dagar fyllda av utforskande och nya perspektiv. L\u00e4gret \u00e4r kostnadsfritt, och under b\u00e5da l\u00e4gerdagarna ing\u00e5r lunch och ett l\u00e4tt mellanm\u00e5l. Det finns m\u00f6jlighet att ans\u00f6ka om resebidrag med en \u00f6vernattning i Helsingfors.&nbsp;<\/p>\n\n\n\n<p><strong>Anm\u00e4lan \u00f6ppnas 27.2 p\u00e5\u00a0<\/strong><a href=\"https:\/\/www.helsinki.fi\/sv\/vetenskapsfostran\/barn-unga-och-familjer\/unijunior\" target=\"_blank\" rel=\"noreferrer noopener\">UniJuniors webbsida<\/a><\/p>\n\n\n\n<h4 class=\"wp-block-heading\">UniJunior sommarl\u00e4ger 2026 \u00e5k 7\u20139: Saker som inte syns men p\u00e5verkar allt 3\u20134.6.<\/h4>\n\n\n\n<p><em><strong>Har du n\u00e5gonsin funderat p\u00e5 hur mycket i v\u00e4rlden som egentligen styrs av s\u00e5dant vi inte kan se? Sm\u00e5 partiklar, krafter och processer som \u00e4r osynliga f\u00f6r \u00f6gat, men som \u00e4nd\u00e5 p\u00e5verkar allt fr\u00e5n v\u00e5ra kroppar till hela planeten.<\/strong><\/em><\/p>\n\n\n\n<p>P\u00e5 UniJuniors sommarl\u00e4ger<strong>&nbsp;Saker som inte syns men p\u00e5verkar allt<\/strong>&nbsp;utforskar vi just dessa dolda fenomen genom tv\u00e5 sp\u00e4nnande verkst\u00e4der. Under tv\u00e5 eftermiddagar f\u00e5r du unders\u00f6ka bland annat hur kemi, biologi och fysik hj\u00e4lper oss att f\u00f6rst\u00e5 v\u00e4rlden p\u00e5 ett djupare plan bortom det synliga.<\/p>\n\n\n\n<p>L\u00e4gret best\u00e5r av tv\u00e5 l\u00e4gerdagar med en verkstad per dag, fr\u00e5n lunch till eftermiddag. Genom experiment, observationer och gemensamma diskussioner f\u00e5r du m\u00f6jlighet att t\u00e4nka kritiskt, st\u00e4lla fr\u00e5gor och koppla vetenskapliga id\u00e9er till verkliga problem till saker som inte syns, men p\u00e5verkar allt.<\/p>\n\n\n\n<p><strong>Anm\u00e4l dig och upplev ett sommarl\u00e4ger ut\u00f6ver det vanliga!<\/strong><\/p>\n\n\n\n<p>Under den f\u00f6rsta l\u00e4gerdagen, onsdagen 3.6.2026, bes\u00f6ker vi Campus Vik och p\u00e5 andra l\u00e4gerdagen, torsdagen 4.6.2025, tr\u00e4ffas vi p\u00e5 Campus Gumt\u00e4kt. I en trygg och avslappnad milj\u00f6 f\u00e5r du tr\u00e4ffa andra nyfikna ungdomar, testa id\u00e9er och uppt\u00e4cka det osynliga som p\u00e5verkar allt. L\u00e4gret \u00e4r kostnadsfritt, och under b\u00e5da l\u00e4gerdagarna ing\u00e5r lunch och ett l\u00e4tt mellanm\u00e5l.&nbsp;Det finns m\u00f6jlighet att ans\u00f6ka om resebidrag med en \u00f6vernattning i Helsingfors.<\/p>\n\n\n\n<p><strong>Anm\u00e4lan \u00f6ppnas 27.2 p\u00e5\u00a0<\/strong><a href=\"https:\/\/www.helsinki.fi\/sv\/vetenskapsfostran\/barn-unga-och-familjer\/unijunior\" target=\"_blank\" rel=\"noreferrer noopener\">UniJuniors webbsida<\/a><\/p>\n","protected":false},"excerpt":{"rendered":"<p>F\u00f6r barn och unga ordnar vi l\u00e4ger kring matematisk-naturvetenskapliga teman p\u00e5 sommaren och under skollov. Sommaren 2026 kommer vi att ordna sommarl\u00e4ger. N\u00e4rmare information om l\u00e4gren uppdateras p\u00e5 den h\u00e4r sidan i b\u00f6rjan av \u00e5ret, och ans\u00f6kningstiden f\u00f6r st\u00f6rsta delen av l\u00e4gren \u00e4r i b\u00f6rjan av mars. 2026 Helsingfors UniJunior sommarl\u00e4ger 2026 \u00e5k 3\u20136: Siffror &#8230; <a title=\"Sommarl\u00e4ger\" class=\"read-more\" href=\"https:\/\/www.luma.fi\/sv\/for-barn-och-unga\/sommarlager\/\" aria-label=\"L\u00e4s mer om Sommarl\u00e4ger\">L\u00e4s mer<\/a><\/p>\n","protected":false},"author":2,"featured_media":389,"parent":824,"menu_order":0,"comment_status":"closed","ping_status":"closed","template":"","meta":{"footnotes":""},"class_list":["post-1054","page","type-page","status-publish","has-post-thumbnail"],"yoast_head":"<!-- This site is optimized with the Yoast SEO plugin v27.4 - https:\/\/yoast.com\/product\/yoast-seo-wordpress\/ -->\n<title>Sommarl\u00e4ger - LUMA-keskus Suomi<\/title>\n<meta name=\"description\" content=\"F\u00f6r barn och unga ordnar vi l\u00e4ger kring matematisk-naturvetenskapliga teman p\u00e5 sommaren och under skollov.\" \/>\n<meta name=\"robots\" content=\"index, follow, max-snippet:-1, max-image-preview:large, max-video-preview:-1\" \/>\n<link rel=\"canonical\" href=\"https:\/\/www.luma.fi\/sv\/for-barn-och-unga\/sommarlager\/\" \/>\n<meta property=\"og:locale\" content=\"sv_SE\" \/>\n<meta property=\"og:type\" content=\"article\" \/>\n<meta property=\"og:title\" content=\"Sommarl\u00e4ger - LUMA-keskus Suomi\" \/>\n<meta property=\"og:description\" content=\"F\u00f6r barn och unga ordnar vi l\u00e4ger kring matematisk-naturvetenskapliga teman p\u00e5 sommaren och under skollov.\" \/>\n<meta property=\"og:url\" content=\"https:\/\/www.luma.fi\/sv\/for-barn-och-unga\/sommarlager\/\" \/>\n<meta property=\"og:site_name\" content=\"LUMA-keskus Suomi\" \/>\n<meta property=\"article:publisher\" content=\"https:\/\/www.facebook.com\/LUMAkeskusSuomi\/\" \/>\n<meta property=\"article:modified_time\" content=\"2026-02-23T14:08:09+00:00\" \/>\n<meta property=\"og:image\" content=\"http:\/\/www.luma.fi\/wp-content\/uploads\/2025\/09\/leirit.jpg\" \/>\n\t<meta property=\"og:image:width\" content=\"1920\" \/>\n\t<meta property=\"og:image:height\" content=\"965\" \/>\n\t<meta property=\"og:image:type\" content=\"image\/jpeg\" \/>\n<meta name=\"twitter:card\" content=\"summary_large_image\" \/>\n<meta name=\"twitter:label1\" content=\"Ber\u00e4knad l\u00e4stid\" \/>\n\t<meta name=\"twitter:data1\" content=\"4 minuter\" \/>\n<script type=\"application\/ld+json\" class=\"yoast-schema-graph\">{\"@context\":\"https:\\\/\\\/schema.org\",\"@graph\":[{\"@type\":\"WebPage\",\"@id\":\"https:\\\/\\\/www.luma.fi\\\/sv\\\/for-barn-och-unga\\\/sommarlager\\\/\",\"url\":\"https:\\\/\\\/www.luma.fi\\\/sv\\\/for-barn-och-unga\\\/sommarlager\\\/\",\"name\":\"Sommarl\u00e4ger - LUMA-keskus Suomi\",\"isPartOf\":{\"@id\":\"https:\\\/\\\/www.luma.fi\\\/sv\\\/#website\"},\"primaryImageOfPage\":{\"@id\":\"https:\\\/\\\/www.luma.fi\\\/sv\\\/for-barn-och-unga\\\/sommarlager\\\/#primaryimage\"},\"image\":{\"@id\":\"https:\\\/\\\/www.luma.fi\\\/sv\\\/for-barn-och-unga\\\/sommarlager\\\/#primaryimage\"},\"thumbnailUrl\":\"https:\\\/\\\/www.luma.fi\\\/wp-content\\\/uploads\\\/2025\\\/09\\\/leirit.jpg\",\"datePublished\":\"2025-09-09T07:50:05+00:00\",\"dateModified\":\"2026-02-23T14:08:09+00:00\",\"description\":\"F\u00f6r barn och unga ordnar vi l\u00e4ger kring matematisk-naturvetenskapliga teman p\u00e5 sommaren och under skollov.\",\"breadcrumb\":{\"@id\":\"https:\\\/\\\/www.luma.fi\\\/sv\\\/for-barn-och-unga\\\/sommarlager\\\/#breadcrumb\"},\"inLanguage\":\"sv-SE\",\"potentialAction\":[{\"@type\":\"ReadAction\",\"target\":[\"https:\\\/\\\/www.luma.fi\\\/sv\\\/for-barn-och-unga\\\/sommarlager\\\/\"]}]},{\"@type\":\"ImageObject\",\"inLanguage\":\"sv-SE\",\"@id\":\"https:\\\/\\\/www.luma.fi\\\/sv\\\/for-barn-och-unga\\\/sommarlager\\\/#primaryimage\",\"url\":\"https:\\\/\\\/www.luma.fi\\\/wp-content\\\/uploads\\\/2025\\\/09\\\/leirit.jpg\",\"contentUrl\":\"https:\\\/\\\/www.luma.fi\\\/wp-content\\\/uploads\\\/2025\\\/09\\\/leirit.jpg\",\"width\":1920,\"height\":965,\"caption\":\"Tiedekerhoja ja -leirej\u00e4 lapsille\"},{\"@type\":\"BreadcrumbList\",\"@id\":\"https:\\\/\\\/www.luma.fi\\\/sv\\\/for-barn-och-unga\\\/sommarlager\\\/#breadcrumb\",\"itemListElement\":[{\"@type\":\"ListItem\",\"position\":1,\"name\":\"Etusivu\",\"item\":\"https:\\\/\\\/www.luma.fi\\\/sv\\\/\"},{\"@type\":\"ListItem\",\"position\":2,\"name\":\"F\u00f6r barn, unga och familjer\",\"item\":\"https:\\\/\\\/www.luma.fi\\\/sv\\\/for-barn-och-unga\\\/\"},{\"@type\":\"ListItem\",\"position\":3,\"name\":\"Sommarl\u00e4ger\"}]},{\"@type\":\"WebSite\",\"@id\":\"https:\\\/\\\/www.luma.fi\\\/sv\\\/#website\",\"url\":\"https:\\\/\\\/www.luma.fi\\\/sv\\\/\",\"name\":\"LUMA-keskus Suomi\",\"description\":\"LUMA-keskus Suomi on 11 yliopiston tiedekasvatukseen ja teknologiakasvatukseen keskittyv&auml; verkosto. \",\"publisher\":{\"@id\":\"https:\\\/\\\/www.luma.fi\\\/sv\\\/#organization\"},\"potentialAction\":[{\"@type\":\"SearchAction\",\"target\":{\"@type\":\"EntryPoint\",\"urlTemplate\":\"https:\\\/\\\/www.luma.fi\\\/sv\\\/?s={search_term_string}\"},\"query-input\":{\"@type\":\"PropertyValueSpecification\",\"valueRequired\":true,\"valueName\":\"search_term_string\"}}],\"inLanguage\":\"sv-SE\"},{\"@type\":\"Organization\",\"@id\":\"https:\\\/\\\/www.luma.fi\\\/sv\\\/#organization\",\"name\":\"LUMA-keskus Suomi\",\"url\":\"https:\\\/\\\/www.luma.fi\\\/sv\\\/\",\"logo\":{\"@type\":\"ImageObject\",\"inLanguage\":\"sv-SE\",\"@id\":\"https:\\\/\\\/www.luma.fi\\\/sv\\\/#\\\/schema\\\/logo\\\/image\\\/\",\"url\":\"https:\\\/\\\/www.luma.fi\\\/wp-content\\\/uploads\\\/2025\\\/08\\\/luma_flower-multicolored_small.png\",\"contentUrl\":\"https:\\\/\\\/www.luma.fi\\\/wp-content\\\/uploads\\\/2025\\\/08\\\/luma_flower-multicolored_small.png\",\"width\":556,\"height\":557,\"caption\":\"LUMA-keskus Suomi\"},\"image\":{\"@id\":\"https:\\\/\\\/www.luma.fi\\\/sv\\\/#\\\/schema\\\/logo\\\/image\\\/\"},\"sameAs\":[\"https:\\\/\\\/www.facebook.com\\\/LUMAkeskusSuomi\\\/\",\"https:\\\/\\\/www.instagram.com\\\/lumasuomi\\\/\",\"https:\\\/\\\/www.youtube.com\\\/user\\\/lumakeskus\"]}]}<\/script>\n<!-- \/ Yoast SEO plugin. -->","yoast_head_json":{"title":"Sommarl\u00e4ger - LUMA-keskus Suomi","description":"F\u00f6r barn och unga ordnar vi l\u00e4ger kring matematisk-naturvetenskapliga teman p\u00e5 sommaren och under skollov.","robots":{"index":"index","follow":"follow","max-snippet":"max-snippet:-1","max-image-preview":"max-image-preview:large","max-video-preview":"max-video-preview:-1"},"canonical":"https:\/\/www.luma.fi\/sv\/for-barn-och-unga\/sommarlager\/","og_locale":"sv_SE","og_type":"article","og_title":"Sommarl\u00e4ger - LUMA-keskus Suomi","og_description":"F\u00f6r barn och unga ordnar vi l\u00e4ger kring matematisk-naturvetenskapliga teman p\u00e5 sommaren och under skollov.","og_url":"https:\/\/www.luma.fi\/sv\/for-barn-och-unga\/sommarlager\/","og_site_name":"LUMA-keskus Suomi","article_publisher":"https:\/\/www.facebook.com\/LUMAkeskusSuomi\/","article_modified_time":"2026-02-23T14:08:09+00:00","og_image":[{"width":1920,"height":965,"url":"http:\/\/www.luma.fi\/wp-content\/uploads\/2025\/09\/leirit.jpg","type":"image\/jpeg"}],"twitter_card":"summary_large_image","twitter_misc":{"Ber\u00e4knad l\u00e4stid":"4 minuter"},"schema":{"@context":"https:\/\/schema.org","@graph":[{"@type":"WebPage","@id":"https:\/\/www.luma.fi\/sv\/for-barn-och-unga\/sommarlager\/","url":"https:\/\/www.luma.fi\/sv\/for-barn-och-unga\/sommarlager\/","name":"Sommarl\u00e4ger - LUMA-keskus Suomi","isPartOf":{"@id":"https:\/\/www.luma.fi\/sv\/#website"},"primaryImageOfPage":{"@id":"https:\/\/www.luma.fi\/sv\/for-barn-och-unga\/sommarlager\/#primaryimage"},"image":{"@id":"https:\/\/www.luma.fi\/sv\/for-barn-och-unga\/sommarlager\/#primaryimage"},"thumbnailUrl":"https:\/\/www.luma.fi\/wp-content\/uploads\/2025\/09\/leirit.jpg","datePublished":"2025-09-09T07:50:05+00:00","dateModified":"2026-02-23T14:08:09+00:00","description":"F\u00f6r barn och unga ordnar vi l\u00e4ger kring matematisk-naturvetenskapliga teman p\u00e5 sommaren och under skollov.","breadcrumb":{"@id":"https:\/\/www.luma.fi\/sv\/for-barn-och-unga\/sommarlager\/#breadcrumb"},"inLanguage":"sv-SE","potentialAction":[{"@type":"ReadAction","target":["https:\/\/www.luma.fi\/sv\/for-barn-och-unga\/sommarlager\/"]}]},{"@type":"ImageObject","inLanguage":"sv-SE","@id":"https:\/\/www.luma.fi\/sv\/for-barn-och-unga\/sommarlager\/#primaryimage","url":"https:\/\/www.luma.fi\/wp-content\/uploads\/2025\/09\/leirit.jpg","contentUrl":"https:\/\/www.luma.fi\/wp-content\/uploads\/2025\/09\/leirit.jpg","width":1920,"height":965,"caption":"Tiedekerhoja ja -leirej\u00e4 lapsille"},{"@type":"BreadcrumbList","@id":"https:\/\/www.luma.fi\/sv\/for-barn-och-unga\/sommarlager\/#breadcrumb","itemListElement":[{"@type":"ListItem","position":1,"name":"Etusivu","item":"https:\/\/www.luma.fi\/sv\/"},{"@type":"ListItem","position":2,"name":"F\u00f6r barn, unga och familjer","item":"https:\/\/www.luma.fi\/sv\/for-barn-och-unga\/"},{"@type":"ListItem","position":3,"name":"Sommarl\u00e4ger"}]},{"@type":"WebSite","@id":"https:\/\/www.luma.fi\/sv\/#website","url":"https:\/\/www.luma.fi\/sv\/","name":"LUMA-keskus Suomi","description":"LUMA-keskus Suomi on 11 yliopiston tiedekasvatukseen ja teknologiakasvatukseen keskittyv&auml; verkosto. ","publisher":{"@id":"https:\/\/www.luma.fi\/sv\/#organization"},"potentialAction":[{"@type":"SearchAction","target":{"@type":"EntryPoint","urlTemplate":"https:\/\/www.luma.fi\/sv\/?s={search_term_string}"},"query-input":{"@type":"PropertyValueSpecification","valueRequired":true,"valueName":"search_term_string"}}],"inLanguage":"sv-SE"},{"@type":"Organization","@id":"https:\/\/www.luma.fi\/sv\/#organization","name":"LUMA-keskus Suomi","url":"https:\/\/www.luma.fi\/sv\/","logo":{"@type":"ImageObject","inLanguage":"sv-SE","@id":"https:\/\/www.luma.fi\/sv\/#\/schema\/logo\/image\/","url":"https:\/\/www.luma.fi\/wp-content\/uploads\/2025\/08\/luma_flower-multicolored_small.png","contentUrl":"https:\/\/www.luma.fi\/wp-content\/uploads\/2025\/08\/luma_flower-multicolored_small.png","width":556,"height":557,"caption":"LUMA-keskus Suomi"},"image":{"@id":"https:\/\/www.luma.fi\/sv\/#\/schema\/logo\/image\/"},"sameAs":["https:\/\/www.facebook.com\/LUMAkeskusSuomi\/","https:\/\/www.instagram.com\/lumasuomi\/","https:\/\/www.youtube.com\/user\/lumakeskus"]}]}},"_links":{"self":[{"href":"https:\/\/www.luma.fi\/sv\/wp-json\/wp\/v2\/pages\/1054","targetHints":{"allow":["GET"]}}],"collection":[{"href":"https:\/\/www.luma.fi\/sv\/wp-json\/wp\/v2\/pages"}],"about":[{"href":"https:\/\/www.luma.fi\/sv\/wp-json\/wp\/v2\/types\/page"}],"author":[{"embeddable":true,"href":"https:\/\/www.luma.fi\/sv\/wp-json\/wp\/v2\/users\/2"}],"replies":[{"embeddable":true,"href":"https:\/\/www.luma.fi\/sv\/wp-json\/wp\/v2\/comments?post=1054"}],"version-history":[{"count":5,"href":"https:\/\/www.luma.fi\/sv\/wp-json\/wp\/v2\/pages\/1054\/revisions"}],"predecessor-version":[{"id":15841,"href":"https:\/\/www.luma.fi\/sv\/wp-json\/wp\/v2\/pages\/1054\/revisions\/15841"}],"up":[{"embeddable":true,"href":"https:\/\/www.luma.fi\/sv\/wp-json\/wp\/v2\/pages\/824"}],"wp:featuredmedia":[{"embeddable":true,"href":"https:\/\/www.luma.fi\/sv\/wp-json\/wp\/v2\/media\/389"}],"wp:attachment":[{"href":"https:\/\/www.luma.fi\/sv\/wp-json\/wp\/v2\/media?parent=1054"}],"curies":[{"name":"wp","href":"https:\/\/api.w.org\/{rel}","templated":true}]}}