{"id":1068,"date":"2025-09-09T09:38:33","date_gmt":"2025-09-09T07:38:33","guid":{"rendered":"https:\/\/www.myscience.fi\/?page_id=1068"},"modified":"2026-01-14T11:19:07","modified_gmt":"2026-01-14T09:19:07","slug":"luma-veckan","status":"publish","type":"page","link":"https:\/\/www.luma.fi\/sv\/luma-veckan\/","title":{"rendered":"LUMA-veckorna"},"content":{"rendered":"\n<p>LUMA-veckan finns till f\u00f6r delad gl\u00e4dje \u00f6ver nya kunskaper och framsteg! Vi uppmuntrar alla inl\u00e4rningsgemenskaper att ordna mindre eller st\u00f6rre aktiviteter med naturvetenskapliga och matematiska f\u00f6rtecken under veckan. Under l\u00e4s\u00e5ret 2025\u20132026 firas LUMA-veckorna 2\u20136.2.2026. Under veckan ordnar LUMA-centren inspirerande aktiviteter p\u00e5 olika orter och \u00f6ver n\u00e4tet. Ni kan delta i aktiviteterna som ordnas av v\u00e5rt n\u00e4tverk eller skapa n\u00e5got p\u00e5 egen hand. Varm v\u00e4lkomna med!<\/p>\n\n\n\n<p>Dela med er av era egna aktiviteter under LUMA-veckan p\u00e5 sociala medier med hj\u00e4lp av hashtaggen #LUMAviikko #LUMAveckan och tagga oss i era inl\u00e4gg med @lumasuomi. Vi vill g\u00e4rna sprida era inspirerande inl\u00e4gg i v\u00e5ra kanaler p\u00e5 sociala medier.<\/p>\n\n\n\n<h2 class=\"wp-block-heading\">LUMA-veckans program 2026<\/h2>\n\n\n\n<div class=\"wp-block-buttons is-layout-flex wp-block-buttons-is-layout-flex\">\n<div class=\"wp-block-button\"><a class=\"wp-block-button__link has-background wp-element-button\" href=\"https:\/\/mailchi.mp\/luma.fi\/luma-viikko-2026\" style=\"background-color:#00a2c0\" target=\"_blank\" rel=\"noreferrer noopener\">Hela LUMA-veckans program i v\u00e5rt nyhetsbrev<\/a><\/div>\n<\/div>\n\n\n\n<p><\/p>\n\n\n\n<h3 class=\"wp-block-heading\">L\u00e4rarkaffe i \u00c5bo<\/h3>\n\n\n\n<p>Den 3.2 kl 15\u201317 bjuder Skolresurs och Sydv\u00e4stra Finlands LUMA-center p\u00e5 kaffe och tilltugg i Aurum, Henriksgatan 2. Kom och bekanta dig med det breda utbud av program vi erbjuder \u00e5t klasser och l\u00e4rare, diskutera med oss och drick en kopp kaffe! Bland annat kan du kika in i v\u00e5rt labb dit l\u00e4rare kan komma p\u00e5 bes\u00f6k med sina klasser. Under kaffet delar vi ocks\u00e5 ut avgiftsfria materialpaket f\u00f6r sm\u00e5barnspedagoger och l\u00e4rare i \u00e5k 1\u20139. Ingen anm\u00e4lan kr\u00e4vs, det \u00e4r bara att dyka upp i Aurum. <\/p>\n\n\n\n<h3 class=\"wp-block-heading\">Skolresurs delar material under LUMA-veckan<\/h3>\n\n\n\n<p>Under LUMA-veckan delar vi fem f\u00e4rska materialhelheter som Skolresurs har producerat. Materialen handlar om allt fr\u00e5n artk\u00e4nnedom till programmering och d\u00e4r finns n\u00e5got f\u00f6r alla i \u00e5k\u00a01\u20139 och gymnasiet. F\u00f6lj oss p\u00e5 sociala medier eller p\u00e5 v\u00e5r\u00a0<a href=\"http:\/\/www.skolresurs.fi\/\" target=\"_blank\" rel=\"noreferrer noopener\">hemsida<\/a>\u00a0och inspireras! Om du vill ta en tjuvtitt p\u00e5 materialet s\u00e5 hittar du det bakom f\u00f6ljande l\u00e4nkar:<\/p>\n\n\n\n<ul class=\"wp-block-list\">\n<li><a href=\"https:\/\/drive.google.com\/drive\/folders\/12N3w6uaFmwxBqqOseeXWuhI-ux1WWsBH\" target=\"_blank\" rel=\"noreferrer noopener\">Artdetektiven<\/a>&nbsp;\u2013 En samling korta presentationer om olika finl\u00e4ndska arter. Presentationerna b\u00f6rjar med en g\u00e5ta d\u00e4r eleverna gissar vilken art det \u00e4r fr\u00e5gan om. M\u00e5lgrupp: \u00e5k 4\u20139.<\/li>\n\n\n\n<li><a href=\"https:\/\/www.youtube.com\/playlist?list=PLPvtXVqUU_9Z7cBuxLENniylEL35z5i4p\" target=\"_blank\" rel=\"noreferrer noopener\">Abitti 2<\/a>&nbsp;\u2013 En videoserie med instruktioner f\u00f6r de nya programmen Graphical Analysis och Ketcher i studentskrivningsmilj\u00f6n Abitti 2. M\u00e5lgrupp: kemil\u00e4rare i gymnasiet.<\/li>\n\n\n\n<li><a href=\"https:\/\/drive.google.com\/drive\/folders\/1pNIzLu2DKo0yvWfgLakmx5MLYNAhapBf\" target=\"_blank\" rel=\"noreferrer noopener\">V\u00e4rldsrymden och vi<\/a>&nbsp;\u2013 En samling korta presentationer om rymden. \u00c5k p\u00e5 en uppt\u00e4cktsf\u00e4rd i rymden och bekanta er med n\u00e4rrymden!&nbsp; M\u00e5lgrupp: \u00e5k 5\u20139.<\/li>\n\n\n\n<li><a href=\"https:\/\/www.luma.fi\/sv\/tapahtuma\/eftermiddagsklubb\/\" target=\"_blank\" rel=\"noreferrer noopener\">Forskarklubben<\/a>&nbsp;\u2013 Materialet fr\u00e5n h\u00f6stens eftisklubb g\u00e5r ocks\u00e5 bra att anv\u00e4nda i undervisningen. Ge er ut och f\u00e5gelsk\u00e5da eller laborera med luft och vatten! M\u00e5lgrupp: \u00e5k 1\u20132.<\/li>\n\n\n\n<li><a href=\"https:\/\/www.innokas.fi\/sv\/material\/programmering-i-undervisningen\/\" target=\"_blank\" rel=\"noreferrer noopener\">Programmering i undervisningen<\/a>&nbsp;\u2013 Materialet \u00e4r en l\u00e4rstig f\u00f6r programmeringsinneh\u00e5llet i grundl\u00e4ggande utbildningen. Stigen hj\u00e4lper dig planera undervisningen och inneh\u00e5ller rikligt med tips p\u00e5 material och uppgifter. M\u00e5lgrupp: \u00e5k 1\u20139.<\/li>\n<\/ul>\n\n\n\n<h2 class=\"wp-block-heading\">Information om LUMA-veckor<\/h2>\n\n\n\n<p>LUMA-veckorna har funnits i Finland \u00e4nda sedan 2004. M\u00e5let med LUMA-veckorna \u00e4r att v\u00e4cka intresse f\u00f6r studier i matematik, omgivningsl\u00e4ra, biologi, geografi, fysik, kemi, datateknik och teknologi genom olika typer av aktiviteter och att synligg\u00f6ra branschen och dess betydelse f\u00f6r samh\u00e4llet.<\/p>\n\n\n\n<p>Ut\u00f6ver daghem och skolor kan det ordnas evenemang ocks\u00e5 i andra offentliga rum, s\u00e5som i bibliotek, butiker och k\u00f6pcentrum. Vi \u00f6nskar s\u00e4rskilt att programmet som ordnas \u00e4r \u00e4mnes\u00f6verskridande och engagerar ocks\u00e5 v\u00e5rdnadshavare. Vi uppmuntrar skolor och daghem ocks\u00e5 till samarbete med andra akt\u00f6rer s\u00e5som f\u00f6reningar och f\u00f6retag.<\/p>\n\n\n\n<h2 class=\"wp-block-heading\">Id\u00e9er f\u00f6r LUMA-veckor<\/h2>\n\n\n\n<p>LUMA-veckor kan genomf\u00f6ras till exempel tillsammans med elever, kollegor, f\u00f6r\u00e4ldrar eller samarbetspartner. Du kan ocks\u00e5 fr\u00e5ga er n\u00e4rmaste LUMA-center om tips eller m\u00f6jligheter att ordna program p\u00e5 er skola eller ert daghem.<\/p>\n\n\n\n<ul class=\"wp-block-list\">\n<li><strong>Ordna en LUMA-m\u00e4ssa eller konstutst\u00e4llning f\u00f6r hela skolan<\/strong>, d\u00e4r ni lyfter fram projekt med anknytning till matematik och naturvetenskaper.<\/li>\n\n\n\n<li><strong>H\u00e5ll en morgonsamling<\/strong> kring matematisk-naturvetenskapliga teman.<\/li>\n\n\n\n<li><strong>Bjud in elever p\u00e5 en annan skola i n\u00e4rheten eller l\u00e4rarstuderande p\u00e5 bes\u00f6k<\/strong> till er skola eller ert daghem, ordna trevliga aktiviteter tillsammans kring matematisk-naturvetenskapliga teman.<\/li>\n\n\n\n<li><strong>Bjud in v\u00e5rdnadshavare eller tidigare elever, som arbetar inom matematisk-naturvetenskapliga branscher, p\u00e5 bes\u00f6k<\/strong> eller be eleverna intervjua n\u00e5gon med kunskaper i matematisk-naturvetenskapliga \u00e4mnen.<\/li>\n\n\n\n<li><strong>\u00c5k sj\u00e4lva p\u00e5 bes\u00f6k<\/strong> till exempel en annan skola, ett f\u00f6retag eller ett museum.<\/li>\n\n\n\n<li><strong>Skriv om eller beskriv LUMA-veckans aktiviteter<\/strong> till exempel p\u00e5 skolans webbplats, p\u00e5 sociala medier eller i ett meddelande till v\u00e5rdnadshavare.<\/li>\n<\/ul>\n","protected":false},"excerpt":{"rendered":"<p>LUMA-veckan finns till f\u00f6r delad gl\u00e4dje \u00f6ver nya kunskaper och framsteg! Vi uppmuntrar alla inl\u00e4rningsgemenskaper att ordna mindre eller st\u00f6rre aktiviteter med naturvetenskapliga och matematiska f\u00f6rtecken under veckan. Under l\u00e4s\u00e5ret 2025\u20132026 firas LUMA-veckorna 2\u20136.2.2026. Under veckan ordnar LUMA-centren inspirerande aktiviteter p\u00e5 olika orter och \u00f6ver n\u00e4tet. Ni kan delta i aktiviteterna som ordnas av v\u00e5rt &#8230; <a title=\"LUMA-veckorna\" class=\"read-more\" href=\"https:\/\/www.luma.fi\/sv\/luma-veckan\/\" aria-label=\"L\u00e4s mer om LUMA-veckorna\">L\u00e4s mer<\/a><\/p>\n","protected":false},"author":2,"featured_media":15073,"parent":0,"menu_order":0,"comment_status":"closed","ping_status":"closed","template":"","meta":{"footnotes":""},"class_list":["post-1068","page","type-page","status-publish","has-post-thumbnail"],"yoast_head":"<!-- This site is optimized with the Yoast SEO plugin v27.4 - https:\/\/yoast.com\/product\/yoast-seo-wordpress\/ -->\n<title>LUMA-veckorna - LUMA-keskus Suomi<\/title>\n<meta name=\"description\" content=\"Under l\u00e4s\u00e5ret 2025\u20132026 firas LUMA-veckorna 2\u20136.2.2026. Under veckan ordnar LUMA-centren inspirerande aktiviteter p\u00e5 olika orter och \u00f6ver n\u00e4tet.\" \/>\n<meta name=\"robots\" content=\"index, follow, max-snippet:-1, max-image-preview:large, max-video-preview:-1\" \/>\n<link rel=\"canonical\" href=\"https:\/\/www.luma.fi\/sv\/luma-veckan\/\" \/>\n<meta property=\"og:locale\" content=\"sv_SE\" \/>\n<meta property=\"og:type\" content=\"article\" \/>\n<meta property=\"og:title\" content=\"LUMA-veckorna - LUMA-keskus Suomi\" \/>\n<meta property=\"og:description\" content=\"Under l\u00e4s\u00e5ret 2025\u20132026 firas LUMA-veckorna 2\u20136.2.2026. Under veckan ordnar LUMA-centren inspirerande aktiviteter p\u00e5 olika orter och \u00f6ver n\u00e4tet.\" \/>\n<meta property=\"og:url\" content=\"https:\/\/www.luma.fi\/sv\/luma-veckan\/\" \/>\n<meta property=\"og:site_name\" content=\"LUMA-keskus Suomi\" \/>\n<meta property=\"article:publisher\" content=\"https:\/\/www.facebook.com\/LUMAkeskusSuomi\/\" \/>\n<meta property=\"article:modified_time\" content=\"2026-01-14T09:19:07+00:00\" \/>\n<meta property=\"og:image\" content=\"http:\/\/www.luma.fi\/wp-content\/uploads\/2025\/12\/LUMA-viikko-2026_sv.png\" \/>\n\t<meta property=\"og:image:width\" content=\"1080\" \/>\n\t<meta property=\"og:image:height\" content=\"360\" \/>\n\t<meta property=\"og:image:type\" content=\"image\/png\" \/>\n<meta name=\"twitter:card\" content=\"summary_large_image\" \/>\n<meta name=\"twitter:label1\" content=\"Ber\u00e4knad l\u00e4stid\" \/>\n\t<meta name=\"twitter:data1\" content=\"5 minuter\" \/>\n<script type=\"application\/ld+json\" class=\"yoast-schema-graph\">{\"@context\":\"https:\\\/\\\/schema.org\",\"@graph\":[{\"@type\":\"WebPage\",\"@id\":\"https:\\\/\\\/www.luma.fi\\\/sv\\\/luma-veckan\\\/\",\"url\":\"https:\\\/\\\/www.luma.fi\\\/sv\\\/luma-veckan\\\/\",\"name\":\"LUMA-veckorna - LUMA-keskus Suomi\",\"isPartOf\":{\"@id\":\"https:\\\/\\\/www.luma.fi\\\/sv\\\/#website\"},\"primaryImageOfPage\":{\"@id\":\"https:\\\/\\\/www.luma.fi\\\/sv\\\/luma-veckan\\\/#primaryimage\"},\"image\":{\"@id\":\"https:\\\/\\\/www.luma.fi\\\/sv\\\/luma-veckan\\\/#primaryimage\"},\"thumbnailUrl\":\"https:\\\/\\\/www.luma.fi\\\/wp-content\\\/uploads\\\/2025\\\/12\\\/LUMA-viikko-2026_sv.png\",\"datePublished\":\"2025-09-09T07:38:33+00:00\",\"dateModified\":\"2026-01-14T09:19:07+00:00\",\"description\":\"Under l\u00e4s\u00e5ret 2025\u20132026 firas LUMA-veckorna 2\u20136.2.2026. Under veckan ordnar LUMA-centren inspirerande aktiviteter p\u00e5 olika orter och \u00f6ver n\u00e4tet.\",\"breadcrumb\":{\"@id\":\"https:\\\/\\\/www.luma.fi\\\/sv\\\/luma-veckan\\\/#breadcrumb\"},\"inLanguage\":\"sv-SE\",\"potentialAction\":[{\"@type\":\"ReadAction\",\"target\":[\"https:\\\/\\\/www.luma.fi\\\/sv\\\/luma-veckan\\\/\"]}]},{\"@type\":\"ImageObject\",\"inLanguage\":\"sv-SE\",\"@id\":\"https:\\\/\\\/www.luma.fi\\\/sv\\\/luma-veckan\\\/#primaryimage\",\"url\":\"https:\\\/\\\/www.luma.fi\\\/wp-content\\\/uploads\\\/2025\\\/12\\\/LUMA-viikko-2026_sv.png\",\"contentUrl\":\"https:\\\/\\\/www.luma.fi\\\/wp-content\\\/uploads\\\/2025\\\/12\\\/LUMA-viikko-2026_sv.png\",\"width\":1080,\"height\":360,\"caption\":\"LUMA-veckan 2026-banderoll. Banderollen har texten LUMA-veckan 2026 mot en f\u00e4rgglad bakgrund.\"},{\"@type\":\"BreadcrumbList\",\"@id\":\"https:\\\/\\\/www.luma.fi\\\/sv\\\/luma-veckan\\\/#breadcrumb\",\"itemListElement\":[{\"@type\":\"ListItem\",\"position\":1,\"name\":\"Etusivu\",\"item\":\"https:\\\/\\\/www.luma.fi\\\/sv\\\/\"},{\"@type\":\"ListItem\",\"position\":2,\"name\":\"LUMA-veckorna\"}]},{\"@type\":\"WebSite\",\"@id\":\"https:\\\/\\\/www.luma.fi\\\/sv\\\/#website\",\"url\":\"https:\\\/\\\/www.luma.fi\\\/sv\\\/\",\"name\":\"LUMA-keskus Suomi\",\"description\":\"LUMA-keskus Suomi on 11 yliopiston tiedekasvatukseen ja teknologiakasvatukseen keskittyv&auml; verkosto. \",\"publisher\":{\"@id\":\"https:\\\/\\\/www.luma.fi\\\/sv\\\/#organization\"},\"potentialAction\":[{\"@type\":\"SearchAction\",\"target\":{\"@type\":\"EntryPoint\",\"urlTemplate\":\"https:\\\/\\\/www.luma.fi\\\/sv\\\/?s={search_term_string}\"},\"query-input\":{\"@type\":\"PropertyValueSpecification\",\"valueRequired\":true,\"valueName\":\"search_term_string\"}}],\"inLanguage\":\"sv-SE\"},{\"@type\":\"Organization\",\"@id\":\"https:\\\/\\\/www.luma.fi\\\/sv\\\/#organization\",\"name\":\"LUMA-keskus Suomi\",\"url\":\"https:\\\/\\\/www.luma.fi\\\/sv\\\/\",\"logo\":{\"@type\":\"ImageObject\",\"inLanguage\":\"sv-SE\",\"@id\":\"https:\\\/\\\/www.luma.fi\\\/sv\\\/#\\\/schema\\\/logo\\\/image\\\/\",\"url\":\"https:\\\/\\\/www.luma.fi\\\/wp-content\\\/uploads\\\/2025\\\/08\\\/luma_flower-multicolored_small.png\",\"contentUrl\":\"https:\\\/\\\/www.luma.fi\\\/wp-content\\\/uploads\\\/2025\\\/08\\\/luma_flower-multicolored_small.png\",\"width\":556,\"height\":557,\"caption\":\"LUMA-keskus Suomi\"},\"image\":{\"@id\":\"https:\\\/\\\/www.luma.fi\\\/sv\\\/#\\\/schema\\\/logo\\\/image\\\/\"},\"sameAs\":[\"https:\\\/\\\/www.facebook.com\\\/LUMAkeskusSuomi\\\/\",\"https:\\\/\\\/www.instagram.com\\\/lumasuomi\\\/\",\"https:\\\/\\\/www.youtube.com\\\/user\\\/lumakeskus\"]}]}<\/script>\n<!-- \/ Yoast SEO plugin. -->","yoast_head_json":{"title":"LUMA-veckorna - LUMA-keskus Suomi","description":"Under l\u00e4s\u00e5ret 2025\u20132026 firas LUMA-veckorna 2\u20136.2.2026. Under veckan ordnar LUMA-centren inspirerande aktiviteter p\u00e5 olika orter och \u00f6ver n\u00e4tet.","robots":{"index":"index","follow":"follow","max-snippet":"max-snippet:-1","max-image-preview":"max-image-preview:large","max-video-preview":"max-video-preview:-1"},"canonical":"https:\/\/www.luma.fi\/sv\/luma-veckan\/","og_locale":"sv_SE","og_type":"article","og_title":"LUMA-veckorna - LUMA-keskus Suomi","og_description":"Under l\u00e4s\u00e5ret 2025\u20132026 firas LUMA-veckorna 2\u20136.2.2026. Under veckan ordnar LUMA-centren inspirerande aktiviteter p\u00e5 olika orter och \u00f6ver n\u00e4tet.","og_url":"https:\/\/www.luma.fi\/sv\/luma-veckan\/","og_site_name":"LUMA-keskus Suomi","article_publisher":"https:\/\/www.facebook.com\/LUMAkeskusSuomi\/","article_modified_time":"2026-01-14T09:19:07+00:00","og_image":[{"width":1080,"height":360,"url":"http:\/\/www.luma.fi\/wp-content\/uploads\/2025\/12\/LUMA-viikko-2026_sv.png","type":"image\/png"}],"twitter_card":"summary_large_image","twitter_misc":{"Ber\u00e4knad l\u00e4stid":"5 minuter"},"schema":{"@context":"https:\/\/schema.org","@graph":[{"@type":"WebPage","@id":"https:\/\/www.luma.fi\/sv\/luma-veckan\/","url":"https:\/\/www.luma.fi\/sv\/luma-veckan\/","name":"LUMA-veckorna - LUMA-keskus Suomi","isPartOf":{"@id":"https:\/\/www.luma.fi\/sv\/#website"},"primaryImageOfPage":{"@id":"https:\/\/www.luma.fi\/sv\/luma-veckan\/#primaryimage"},"image":{"@id":"https:\/\/www.luma.fi\/sv\/luma-veckan\/#primaryimage"},"thumbnailUrl":"https:\/\/www.luma.fi\/wp-content\/uploads\/2025\/12\/LUMA-viikko-2026_sv.png","datePublished":"2025-09-09T07:38:33+00:00","dateModified":"2026-01-14T09:19:07+00:00","description":"Under l\u00e4s\u00e5ret 2025\u20132026 firas LUMA-veckorna 2\u20136.2.2026. Under veckan ordnar LUMA-centren inspirerande aktiviteter p\u00e5 olika orter och \u00f6ver n\u00e4tet.","breadcrumb":{"@id":"https:\/\/www.luma.fi\/sv\/luma-veckan\/#breadcrumb"},"inLanguage":"sv-SE","potentialAction":[{"@type":"ReadAction","target":["https:\/\/www.luma.fi\/sv\/luma-veckan\/"]}]},{"@type":"ImageObject","inLanguage":"sv-SE","@id":"https:\/\/www.luma.fi\/sv\/luma-veckan\/#primaryimage","url":"https:\/\/www.luma.fi\/wp-content\/uploads\/2025\/12\/LUMA-viikko-2026_sv.png","contentUrl":"https:\/\/www.luma.fi\/wp-content\/uploads\/2025\/12\/LUMA-viikko-2026_sv.png","width":1080,"height":360,"caption":"LUMA-veckan 2026-banderoll. Banderollen har texten LUMA-veckan 2026 mot en f\u00e4rgglad bakgrund."},{"@type":"BreadcrumbList","@id":"https:\/\/www.luma.fi\/sv\/luma-veckan\/#breadcrumb","itemListElement":[{"@type":"ListItem","position":1,"name":"Etusivu","item":"https:\/\/www.luma.fi\/sv\/"},{"@type":"ListItem","position":2,"name":"LUMA-veckorna"}]},{"@type":"WebSite","@id":"https:\/\/www.luma.fi\/sv\/#website","url":"https:\/\/www.luma.fi\/sv\/","name":"LUMA-keskus Suomi","description":"LUMA-keskus Suomi on 11 yliopiston tiedekasvatukseen ja teknologiakasvatukseen keskittyv&auml; verkosto. ","publisher":{"@id":"https:\/\/www.luma.fi\/sv\/#organization"},"potentialAction":[{"@type":"SearchAction","target":{"@type":"EntryPoint","urlTemplate":"https:\/\/www.luma.fi\/sv\/?s={search_term_string}"},"query-input":{"@type":"PropertyValueSpecification","valueRequired":true,"valueName":"search_term_string"}}],"inLanguage":"sv-SE"},{"@type":"Organization","@id":"https:\/\/www.luma.fi\/sv\/#organization","name":"LUMA-keskus Suomi","url":"https:\/\/www.luma.fi\/sv\/","logo":{"@type":"ImageObject","inLanguage":"sv-SE","@id":"https:\/\/www.luma.fi\/sv\/#\/schema\/logo\/image\/","url":"https:\/\/www.luma.fi\/wp-content\/uploads\/2025\/08\/luma_flower-multicolored_small.png","contentUrl":"https:\/\/www.luma.fi\/wp-content\/uploads\/2025\/08\/luma_flower-multicolored_small.png","width":556,"height":557,"caption":"LUMA-keskus Suomi"},"image":{"@id":"https:\/\/www.luma.fi\/sv\/#\/schema\/logo\/image\/"},"sameAs":["https:\/\/www.facebook.com\/LUMAkeskusSuomi\/","https:\/\/www.instagram.com\/lumasuomi\/","https:\/\/www.youtube.com\/user\/lumakeskus"]}]}},"_links":{"self":[{"href":"https:\/\/www.luma.fi\/sv\/wp-json\/wp\/v2\/pages\/1068","targetHints":{"allow":["GET"]}}],"collection":[{"href":"https:\/\/www.luma.fi\/sv\/wp-json\/wp\/v2\/pages"}],"about":[{"href":"https:\/\/www.luma.fi\/sv\/wp-json\/wp\/v2\/types\/page"}],"author":[{"embeddable":true,"href":"https:\/\/www.luma.fi\/sv\/wp-json\/wp\/v2\/users\/2"}],"replies":[{"embeddable":true,"href":"https:\/\/www.luma.fi\/sv\/wp-json\/wp\/v2\/comments?post=1068"}],"version-history":[{"count":6,"href":"https:\/\/www.luma.fi\/sv\/wp-json\/wp\/v2\/pages\/1068\/revisions"}],"predecessor-version":[{"id":15627,"href":"https:\/\/www.luma.fi\/sv\/wp-json\/wp\/v2\/pages\/1068\/revisions\/15627"}],"wp:featuredmedia":[{"embeddable":true,"href":"https:\/\/www.luma.fi\/sv\/wp-json\/wp\/v2\/media\/15073"}],"wp:attachment":[{"href":"https:\/\/www.luma.fi\/sv\/wp-json\/wp\/v2\/media?parent=1068"}],"curies":[{"name":"wp","href":"https:\/\/api.w.org\/{rel}","templated":true}]}}