{"id":1087,"date":"2025-08-29T12:39:47","date_gmt":"2025-08-29T10:39:47","guid":{"rendered":"https:\/\/www.myscience.fi\/?page_id=1087"},"modified":"2025-11-19T21:34:12","modified_gmt":"2025-11-19T19:34:12","slug":"i-samarbete","status":"publish","type":"page","link":"https:\/\/www.luma.fi\/sv\/om-oss\/i-samarbete\/","title":{"rendered":"I samarbete"},"content":{"rendered":"\n<p>Vi samarbetar \u00f6ver hela landet med olika akt\u00f6rer inom vetenskapsfostran. De fr\u00e4msta samarbetsformerna \u00e4r LUMA-delegationen och forumet f\u00f6r l\u00e4rarutbildning och undervisningsforskning och -utveckling i matematisk-naturvetenskapliga \u00e4mnen (fi. LUMA).<\/p>\n\n\n\n<h2 class=\"wp-block-heading\">LUMA-delegationen\u00a0<\/h2>\n\n\n\n<p>LUMA-delegationen utg\u00f6r ett r\u00e5dgivande diskussionsforum f\u00f6r direktionen f\u00f6r LUMA-center Finland. Delegationen sammantr\u00e4der 2\u20133 g\u00e5nger om \u00e5ret. Delegationen m\u00f6ten fokuserar p\u00e5 aktualiteter inom LUMA-center Finland-n\u00e4tverket, och m\u00f6tesdeltagarna har m\u00f6jlighet att delta i planeringsarbetet och informationsverksamheten. Delegationsmedlemmarna bereder ocks\u00e5 tillsammans nya initiativ och st\u00e4llningstaganden och utbyter information om aktuell verksamhet kring vetenskapsfostran b\u00e5de i Finland och internationellt.<br><br>Ordf\u00f6randen f\u00f6r delegationen \u00e4r ordf\u00f6randen f\u00f6r direktionen f\u00f6r LUMA-center Finland, <a href=\"https:\/\/www.oulu.fi\/fi\/tutkijat\/sari-harmoinen\">Sari Harmoinen<\/a>, och vice ordf\u00f6randen \u00e4r <a href=\"https:\/\/teknologiateollisuus.fi\/contacts\/pontynen-leena\/\">Leena P\u00f6ntynen<\/a> fr\u00e5n Teknologiindustrin rf. Direkt\u00f6ren f\u00f6r LUMA-center Finland ing\u00e5r ocks\u00e5 delegationen.<\/p>\n\n\n\n<p>Representanter f\u00f6r ett stort antal samarbetsinstanser har bjudits in till delegationen:<\/p>\n\n\n\n<figure class=\"wp-block-table is-style-regular\"><table class=\"has-fixed-layout\"><tbody><tr><td><strong>Organisation<\/strong><\/td><td><strong>Representant<\/strong><\/td><td><strong>Ers\u00e4ttare<\/strong><\/td><\/tr><tr><td>Aineopettajaliitto&nbsp;<\/td><td><\/td><td><\/td><\/tr><tr><td>Arene\u00a0rf \u2013 r\u00e5det f\u00f6r yrkesh\u00f6gskolornas rektorer<\/td><td>Sami Suhonen&nbsp;<\/td><td>Mikael Paronen&nbsp;<\/td><\/tr><tr><td>Astronomiska f\u00f6reningen URSA<\/td><td>Markku Sarimaa<\/td><td><\/td><\/tr><tr><td>Biologian ja maantieteen opettajien liitto (BMOL)&nbsp;<\/td><td>Teppo Kuusela&nbsp;<\/td><td><\/td><\/tr><tr><td>Energiateollisuus&nbsp;<\/td><td>Henna Hirvonen&nbsp;<\/td><td><\/td><\/tr><tr><td>Esbo stad<\/td><td>Minna Kukkonen&nbsp;<\/td><td><\/td><\/tr><tr><td>Finlands fysikerf\u00f6rening<\/td><td><\/td><td><\/td><\/tr><tr><td>Finlands natur- och milj\u00f6skolf\u00f6rbund (LYKE-n\u00e4tverket)\u00a0<\/td><td>Maija Ihantola<\/td><td><\/td><\/tr><tr><td>Finlands rektorer<\/td><td>Pertti Tuomi<\/td><td><\/td><\/tr><tr><td>Finlands studentk\u00e5rers f\u00f6rbund (SYL)<\/td><td>Tiia Virtanen<\/td><td><\/td><\/tr><tr><td>Finlands universitetsrektorers r\u00e5d (UNIFI)\u00a0<\/td><td>Elina Oksanen<\/td><td><\/td><\/tr><tr><td>Finska forstf\u00f6reningen<\/td><td>Jaska Salonen<\/td><td><\/td><\/tr><tr><td>Helsingfors naturvetenskapliga gymnasium<\/td><td>Kaisa Tikka&nbsp;<\/td><td><\/td><\/tr><tr><td>Innokas-n\u00e4tverket<\/td><td>Tiina Korhonen&nbsp;<\/td><td>Leenu Juurola&nbsp;<\/td><\/tr><tr><td>Kemianteollisuus<\/td><td>Hanna Hyyryl\u00e4inen<\/td><td><\/td><\/tr><tr><td>Kvinnoorganisationernas centralf\u00f6rbund<\/td><td>Annamaija Eskola<\/td><td><\/td><\/tr><tr><td>L\u00e4rarf\u00f6rbundet f\u00f6r tekniska \u00e4mnen TAO ry<\/td><td>Timo Saarinen<\/td><td>Katri K\u00f6ng\u00e4s<\/td><\/tr><tr><td>Mets\u00e4teollisuus<\/td><td>Venla Kaplas<\/td><td>Albert H\u00e4me<\/td><\/tr><tr><td>Naturhistoriska centralmuseet Luomus<\/td><td>Jouko Rikkinen<\/td><td><\/td><\/tr><tr><td>Naturresursinstitutet (Luke)\u00a0<\/td><td>Eeva Sievi<\/td><td>Juha Heikkil\u00e4<\/td><\/tr><tr><td>Riksf\u00f6rbundet f\u00f6r l\u00e4rare i matematiska \u00e4mnen (MAOL)\u00a0<\/td><td>Jasmin V\u00e4lim\u00e4ki<\/td><td>P\u00e4ivi Hyttinen<\/td><\/tr><tr><td>Sanoma Media Finland \/ Tiede &amp; HS Tiede\u00a0<\/td><td>Jukka Ruukki<\/td><td><\/td><\/tr><tr><td>Sl\u00f6jdl\u00e4rarf\u00f6rbundet rf<\/td><td>Liisa Vuolas<\/td><td>Minna Hankala-Vuorinen<\/td><\/tr><tr><td>Sm\u00e5barnspedagogikens L\u00e4rarf\u00f6rbund SLF rf<\/td><td>Sari Sirni\u00f6<\/td><td><\/td><\/tr><tr><td>Studentexamensn\u00e4mnden<\/td><td>Vesa Paajanen<\/td><td><\/td><\/tr><tr><td>Studiehandledarna i Finland (SOPO)\u00a0<\/td><td>Anne Siv\u00e9n<\/td><td><\/td><\/tr><tr><td>Suomalainen Tiedeakatemia<\/td><td>Pekka Aula<\/td><td><\/td><\/tr><tr><td>Suomalaisten kemistien seura<\/td><td>Pekka Joensuu<\/td><td><\/td><\/tr><tr><td>Suomen harjoittelukoulujen rehtorit<\/td><td>Antero Hietam\u00e4ki<\/td><td><\/td><\/tr><tr><td>Suomen luokanopettajat<\/td><td>Karita Koskinen<\/td><td>Saara Kokko<\/td><\/tr><tr><td>Suomen tiedetoimittajain liitto<\/td><td>Riina Linna<\/td><td><\/td><\/tr><tr><td>Tekniikan Akatemia (TAF)<\/td><td><\/td><td><\/td><\/tr><tr><td>Teknikens akademiker (TEK)<\/td><td>Juhani Nokela<\/td><td>Tuula Pihlajamaa<\/td><\/tr><tr><td>Tekniska f\u00f6reningen i Finland (TFIF)<\/td><td>Annika Nylander<\/td><td><\/td><\/tr><tr><td>Tekniska museet<\/td><td>Anssi Tuulenm\u00e4ki<\/td><td><\/td><\/tr><tr><td>Teknologiindustrin &amp; Teknologiindustrins 100-\u00e5rsjubileumsstiftelse\u00a0<\/td><td>Leena P\u00f6ntynen<\/td><td><\/td><\/tr><tr><td>Terveysteknologia<\/td><td>Saara Hassinen<\/td><td><\/td><\/tr><tr><td>Tiedekeskus Arktikum<\/td><td>Jonna Katajam\u00e4ki<\/td><td><\/td><\/tr><tr><td>Tiedekeskus Pilke<\/td><td>Heikki Hepoaho<\/td><td><\/td><\/tr><tr><td>Tiedeopetusyhdistys<\/td><td>Mari Nuutinen<\/td><td><\/td><\/tr><tr><td>Tieteen tiedotus<\/td><td>Reetta Kettunen<\/td><td><\/td><\/tr><tr><td>Undervisnings- och kulturministeriet<\/td><td><\/td><td><\/td><\/tr><tr><td>Undervisningssektorns fackorganisation (OAJ)<\/td><td>Tuomo Laakso<\/td><td><\/td><\/tr><tr><td>Utbildningsstyrelsen<\/td><td>Leo Pahkin<\/td><td><\/td><\/tr><tr><td>Utvecklingscentralen L\u00e4rorik<\/td><td>Minna Riikka J\u00e4rvinen&nbsp;<\/td><td><\/td><\/tr><tr><td>Vetenskapscentret Heureka\u00a0<\/td><td>Jutta Kujasalo&nbsp;<\/td><td><\/td><\/tr><tr><td>Vetenskapsmuseet L\u00e5gan \/ Observatoriet<\/td><td>P\u00e4ivi Harjunp\u00e4\u00e4&nbsp;<\/td><td><\/td><\/tr><\/tbody><\/table><\/figure>\n\n\n\n<h2 class=\"wp-block-heading\">Forumet f\u00f6r l\u00e4rarutbildning och undervisningsforskning och -utveckling i matematisk-naturvetenskapliga \u00e4mnen<\/h2>\n\n\n\n<p>LUMA-center Finland uppr\u00e4tth\u00e5ller ett riksomfattande n\u00e4tverk f\u00f6r l\u00e4rarutbildare och undervisningsforskare och -utvecklare i matematisk-naturvetenskapliga \u00e4mnen, vars syfte \u00e4r att fr\u00e4mja samarbetet mellan l\u00e4rarutbildare och undervisningsforskare och -utvecklare fr\u00e5n olika h\u00f6gskolor och att se till att goda verksamhetsmodeller sprids mellan utbildnings- och forskningsenheterna.<\/p>\n\n\n\n<p>I forumet ing\u00e5r akademiska sakkunniga fr\u00e5n h\u00f6gskolor p\u00e5 olika h\u00e5ll i Finland. Ordf\u00f6randen f\u00f6r forumet \u00e4r direkt\u00f6ren f\u00f6r LUMA-center Finland, professor Jan Lundell. Forumet har inr\u00e4ttats h\u00f6sten 2014.<\/p>\n\n\n\n<h2 class=\"wp-block-heading\">Internationellt samarbete<\/h2>\n\n\n\n<p>LUMA-center Finland-n\u00e4tverket och de regionala LUMA-centren bedriver internationellt samarbete p\u00e5 bred front i form av projekt, forskning, vetenskapsfostran och l\u00e4rarutbildning. N\u00e4tverket har ocks\u00e5 kontinuerligt samarbete med flera universitet och internationella organisationer. Bland annat f\u00f6ljande n\u00e4tverk \u00e4r v\u00e5ra samarbetspartner.<\/p>\n\n\n\n<p><a href=\"https:\/\/www.science-on-stage.eu\/\">Science on stage<\/a>-n\u00e4tverket f\u00f6r samman l\u00e4rare i matematisk-naturvetenskapliga \u00e4mnen fr\u00e5n olika h\u00e5ll i Europa f\u00f6r att dela med sig av sina b\u00e4sta id\u00e9er. L\u00e4s mer om v\u00e5r nationella <a href=\"https:\/\/www.luma.fi\/sv\/for-larare\/science-on-stage\/\">Science on stage-verksamhet h\u00e4r<\/a>.<\/p>\n\n\n\n<p><a href=\"https:\/\/www.stemcoalition.eu\/\">EU STEM Coalition<\/a>-n\u00e4tverket utvecklar undervisningen i matematisk-naturvetenskapliga \u00e4mnen och lyfter fram \u00e4mnenas betydelse i utbildningspolitiken.<\/p>\n\n\n\n<p><a href=\"https:\/\/www.stiftung-kinder-forschen.de\/en\/international-dialogue-idos\/\">International Dialogue on STEM Education (IDoS)<\/a>-n\u00e4tverket erbjuder internationellt och professionellt utbyte av b\u00e4sta verksamhetsmodeller mellan medlemsorganisationerna.<\/p>\n","protected":false},"excerpt":{"rendered":"<p>Vi samarbetar \u00f6ver hela landet med olika akt\u00f6rer inom vetenskapsfostran. De fr\u00e4msta samarbetsformerna \u00e4r LUMA-delegationen och forumet f\u00f6r l\u00e4rarutbildning och undervisningsforskning och -utveckling i matematisk-naturvetenskapliga \u00e4mnen (fi. LUMA). LUMA-delegationen\u00a0 LUMA-delegationen utg\u00f6r ett r\u00e5dgivande diskussionsforum f\u00f6r direktionen f\u00f6r LUMA-center Finland. Delegationen sammantr\u00e4der 2\u20133 g\u00e5nger om \u00e5ret. Delegationen m\u00f6ten fokuserar p\u00e5 aktualiteter inom LUMA-center Finland-n\u00e4tverket, och m\u00f6tesdeltagarna &#8230; <a title=\"I samarbete\" class=\"read-more\" href=\"https:\/\/www.luma.fi\/sv\/om-oss\/i-samarbete\/\" aria-label=\"L\u00e4s mer om I samarbete\">L\u00e4s mer<\/a><\/p>\n","protected":false},"author":2,"featured_media":0,"parent":1074,"menu_order":0,"comment_status":"closed","ping_status":"closed","template":"","meta":{"footnotes":""},"class_list":["post-1087","page","type-page","status-publish"],"yoast_head":"<!-- This site is optimized with the Yoast SEO plugin v27.4 - https:\/\/yoast.com\/product\/yoast-seo-wordpress\/ -->\n<title>I samarbete - LUMA-keskus Suomi<\/title>\n<meta name=\"robots\" content=\"index, follow, max-snippet:-1, max-image-preview:large, max-video-preview:-1\" \/>\n<link rel=\"canonical\" href=\"https:\/\/www.luma.fi\/sv\/om-oss\/i-samarbete\/\" \/>\n<meta property=\"og:locale\" content=\"sv_SE\" \/>\n<meta property=\"og:type\" content=\"article\" \/>\n<meta property=\"og:title\" content=\"I samarbete - LUMA-keskus Suomi\" \/>\n<meta property=\"og:description\" content=\"Vi samarbetar \u00f6ver hela landet med olika akt\u00f6rer inom vetenskapsfostran. De fr\u00e4msta samarbetsformerna \u00e4r LUMA-delegationen och forumet f\u00f6r l\u00e4rarutbildning och undervisningsforskning och -utveckling i matematisk-naturvetenskapliga \u00e4mnen (fi. LUMA). LUMA-delegationen\u00a0 LUMA-delegationen utg\u00f6r ett r\u00e5dgivande diskussionsforum f\u00f6r direktionen f\u00f6r LUMA-center Finland. Delegationen sammantr\u00e4der 2\u20133 g\u00e5nger om \u00e5ret. Delegationen m\u00f6ten fokuserar p\u00e5 aktualiteter inom LUMA-center Finland-n\u00e4tverket, och m\u00f6tesdeltagarna ... L\u00e4s mer\" \/>\n<meta property=\"og:url\" content=\"https:\/\/www.luma.fi\/sv\/om-oss\/i-samarbete\/\" \/>\n<meta property=\"og:site_name\" content=\"LUMA-keskus Suomi\" \/>\n<meta property=\"article:publisher\" content=\"https:\/\/www.facebook.com\/LUMAkeskusSuomi\/\" \/>\n<meta property=\"article:modified_time\" content=\"2025-11-19T19:34:12+00:00\" \/>\n<meta name=\"twitter:card\" content=\"summary_large_image\" \/>\n<meta name=\"twitter:label1\" content=\"Ber\u00e4knad l\u00e4stid\" \/>\n\t<meta name=\"twitter:data1\" content=\"4 minuter\" \/>\n<script type=\"application\/ld+json\" class=\"yoast-schema-graph\">{\"@context\":\"https:\\\/\\\/schema.org\",\"@graph\":[{\"@type\":\"WebPage\",\"@id\":\"https:\\\/\\\/www.luma.fi\\\/sv\\\/om-oss\\\/i-samarbete\\\/\",\"url\":\"https:\\\/\\\/www.luma.fi\\\/sv\\\/om-oss\\\/i-samarbete\\\/\",\"name\":\"I samarbete - LUMA-keskus Suomi\",\"isPartOf\":{\"@id\":\"https:\\\/\\\/www.luma.fi\\\/sv\\\/#website\"},\"datePublished\":\"2025-08-29T10:39:47+00:00\",\"dateModified\":\"2025-11-19T19:34:12+00:00\",\"breadcrumb\":{\"@id\":\"https:\\\/\\\/www.luma.fi\\\/sv\\\/om-oss\\\/i-samarbete\\\/#breadcrumb\"},\"inLanguage\":\"sv-SE\",\"potentialAction\":[{\"@type\":\"ReadAction\",\"target\":[\"https:\\\/\\\/www.luma.fi\\\/sv\\\/om-oss\\\/i-samarbete\\\/\"]}]},{\"@type\":\"BreadcrumbList\",\"@id\":\"https:\\\/\\\/www.luma.fi\\\/sv\\\/om-oss\\\/i-samarbete\\\/#breadcrumb\",\"itemListElement\":[{\"@type\":\"ListItem\",\"position\":1,\"name\":\"Etusivu\",\"item\":\"https:\\\/\\\/www.luma.fi\\\/sv\\\/\"},{\"@type\":\"ListItem\",\"position\":2,\"name\":\"Om oss\",\"item\":\"https:\\\/\\\/www.luma.fi\\\/sv\\\/om-oss\\\/\"},{\"@type\":\"ListItem\",\"position\":3,\"name\":\"I samarbete\"}]},{\"@type\":\"WebSite\",\"@id\":\"https:\\\/\\\/www.luma.fi\\\/sv\\\/#website\",\"url\":\"https:\\\/\\\/www.luma.fi\\\/sv\\\/\",\"name\":\"LUMA-keskus Suomi\",\"description\":\"LUMA-keskus Suomi on 11 yliopiston tiedekasvatukseen ja teknologiakasvatukseen keskittyv&auml; verkosto. \",\"publisher\":{\"@id\":\"https:\\\/\\\/www.luma.fi\\\/sv\\\/#organization\"},\"potentialAction\":[{\"@type\":\"SearchAction\",\"target\":{\"@type\":\"EntryPoint\",\"urlTemplate\":\"https:\\\/\\\/www.luma.fi\\\/sv\\\/?s={search_term_string}\"},\"query-input\":{\"@type\":\"PropertyValueSpecification\",\"valueRequired\":true,\"valueName\":\"search_term_string\"}}],\"inLanguage\":\"sv-SE\"},{\"@type\":\"Organization\",\"@id\":\"https:\\\/\\\/www.luma.fi\\\/sv\\\/#organization\",\"name\":\"LUMA-keskus Suomi\",\"url\":\"https:\\\/\\\/www.luma.fi\\\/sv\\\/\",\"logo\":{\"@type\":\"ImageObject\",\"inLanguage\":\"sv-SE\",\"@id\":\"https:\\\/\\\/www.luma.fi\\\/sv\\\/#\\\/schema\\\/logo\\\/image\\\/\",\"url\":\"https:\\\/\\\/www.luma.fi\\\/wp-content\\\/uploads\\\/2025\\\/08\\\/luma_flower-multicolored_small.png\",\"contentUrl\":\"https:\\\/\\\/www.luma.fi\\\/wp-content\\\/uploads\\\/2025\\\/08\\\/luma_flower-multicolored_small.png\",\"width\":556,\"height\":557,\"caption\":\"LUMA-keskus Suomi\"},\"image\":{\"@id\":\"https:\\\/\\\/www.luma.fi\\\/sv\\\/#\\\/schema\\\/logo\\\/image\\\/\"},\"sameAs\":[\"https:\\\/\\\/www.facebook.com\\\/LUMAkeskusSuomi\\\/\",\"https:\\\/\\\/www.instagram.com\\\/lumasuomi\\\/\",\"https:\\\/\\\/www.youtube.com\\\/user\\\/lumakeskus\"]}]}<\/script>\n<!-- \/ Yoast SEO plugin. -->","yoast_head_json":{"title":"I samarbete - LUMA-keskus Suomi","robots":{"index":"index","follow":"follow","max-snippet":"max-snippet:-1","max-image-preview":"max-image-preview:large","max-video-preview":"max-video-preview:-1"},"canonical":"https:\/\/www.luma.fi\/sv\/om-oss\/i-samarbete\/","og_locale":"sv_SE","og_type":"article","og_title":"I samarbete - LUMA-keskus Suomi","og_description":"Vi samarbetar \u00f6ver hela landet med olika akt\u00f6rer inom vetenskapsfostran. De fr\u00e4msta samarbetsformerna \u00e4r LUMA-delegationen och forumet f\u00f6r l\u00e4rarutbildning och undervisningsforskning och -utveckling i matematisk-naturvetenskapliga \u00e4mnen (fi. LUMA). LUMA-delegationen\u00a0 LUMA-delegationen utg\u00f6r ett r\u00e5dgivande diskussionsforum f\u00f6r direktionen f\u00f6r LUMA-center Finland. Delegationen sammantr\u00e4der 2\u20133 g\u00e5nger om \u00e5ret. Delegationen m\u00f6ten fokuserar p\u00e5 aktualiteter inom LUMA-center Finland-n\u00e4tverket, och m\u00f6tesdeltagarna ... L\u00e4s mer","og_url":"https:\/\/www.luma.fi\/sv\/om-oss\/i-samarbete\/","og_site_name":"LUMA-keskus Suomi","article_publisher":"https:\/\/www.facebook.com\/LUMAkeskusSuomi\/","article_modified_time":"2025-11-19T19:34:12+00:00","twitter_card":"summary_large_image","twitter_misc":{"Ber\u00e4knad l\u00e4stid":"4 minuter"},"schema":{"@context":"https:\/\/schema.org","@graph":[{"@type":"WebPage","@id":"https:\/\/www.luma.fi\/sv\/om-oss\/i-samarbete\/","url":"https:\/\/www.luma.fi\/sv\/om-oss\/i-samarbete\/","name":"I samarbete - LUMA-keskus Suomi","isPartOf":{"@id":"https:\/\/www.luma.fi\/sv\/#website"},"datePublished":"2025-08-29T10:39:47+00:00","dateModified":"2025-11-19T19:34:12+00:00","breadcrumb":{"@id":"https:\/\/www.luma.fi\/sv\/om-oss\/i-samarbete\/#breadcrumb"},"inLanguage":"sv-SE","potentialAction":[{"@type":"ReadAction","target":["https:\/\/www.luma.fi\/sv\/om-oss\/i-samarbete\/"]}]},{"@type":"BreadcrumbList","@id":"https:\/\/www.luma.fi\/sv\/om-oss\/i-samarbete\/#breadcrumb","itemListElement":[{"@type":"ListItem","position":1,"name":"Etusivu","item":"https:\/\/www.luma.fi\/sv\/"},{"@type":"ListItem","position":2,"name":"Om oss","item":"https:\/\/www.luma.fi\/sv\/om-oss\/"},{"@type":"ListItem","position":3,"name":"I samarbete"}]},{"@type":"WebSite","@id":"https:\/\/www.luma.fi\/sv\/#website","url":"https:\/\/www.luma.fi\/sv\/","name":"LUMA-keskus Suomi","description":"LUMA-keskus Suomi on 11 yliopiston tiedekasvatukseen ja teknologiakasvatukseen keskittyv&auml; verkosto. ","publisher":{"@id":"https:\/\/www.luma.fi\/sv\/#organization"},"potentialAction":[{"@type":"SearchAction","target":{"@type":"EntryPoint","urlTemplate":"https:\/\/www.luma.fi\/sv\/?s={search_term_string}"},"query-input":{"@type":"PropertyValueSpecification","valueRequired":true,"valueName":"search_term_string"}}],"inLanguage":"sv-SE"},{"@type":"Organization","@id":"https:\/\/www.luma.fi\/sv\/#organization","name":"LUMA-keskus Suomi","url":"https:\/\/www.luma.fi\/sv\/","logo":{"@type":"ImageObject","inLanguage":"sv-SE","@id":"https:\/\/www.luma.fi\/sv\/#\/schema\/logo\/image\/","url":"https:\/\/www.luma.fi\/wp-content\/uploads\/2025\/08\/luma_flower-multicolored_small.png","contentUrl":"https:\/\/www.luma.fi\/wp-content\/uploads\/2025\/08\/luma_flower-multicolored_small.png","width":556,"height":557,"caption":"LUMA-keskus Suomi"},"image":{"@id":"https:\/\/www.luma.fi\/sv\/#\/schema\/logo\/image\/"},"sameAs":["https:\/\/www.facebook.com\/LUMAkeskusSuomi\/","https:\/\/www.instagram.com\/lumasuomi\/","https:\/\/www.youtube.com\/user\/lumakeskus"]}]}},"_links":{"self":[{"href":"https:\/\/www.luma.fi\/sv\/wp-json\/wp\/v2\/pages\/1087","targetHints":{"allow":["GET"]}}],"collection":[{"href":"https:\/\/www.luma.fi\/sv\/wp-json\/wp\/v2\/pages"}],"about":[{"href":"https:\/\/www.luma.fi\/sv\/wp-json\/wp\/v2\/types\/page"}],"author":[{"embeddable":true,"href":"https:\/\/www.luma.fi\/sv\/wp-json\/wp\/v2\/users\/2"}],"replies":[{"embeddable":true,"href":"https:\/\/www.luma.fi\/sv\/wp-json\/wp\/v2\/comments?post=1087"}],"version-history":[{"count":5,"href":"https:\/\/www.luma.fi\/sv\/wp-json\/wp\/v2\/pages\/1087\/revisions"}],"predecessor-version":[{"id":1282,"href":"https:\/\/www.luma.fi\/sv\/wp-json\/wp\/v2\/pages\/1087\/revisions\/1282"}],"up":[{"embeddable":true,"href":"https:\/\/www.luma.fi\/sv\/wp-json\/wp\/v2\/pages\/1074"}],"wp:attachment":[{"href":"https:\/\/www.luma.fi\/sv\/wp-json\/wp\/v2\/media?parent=1087"}],"curies":[{"name":"wp","href":"https:\/\/api.w.org\/{rel}","templated":true}]}}