{"id":1151,"date":"2025-09-08T14:46:41","date_gmt":"2025-09-08T12:46:41","guid":{"rendered":"https:\/\/www.myscience.fi\/?page_id=1151"},"modified":"2026-01-22T15:55:21","modified_gmt":"2026-01-22T13:55:21","slug":"fortbildningar","status":"publish","type":"page","link":"https:\/\/www.luma.fi\/sv\/for-larare\/fortbildningar\/","title":{"rendered":"Fortbildningar och kurser f\u00f6r l\u00e4rare"},"content":{"rendered":"\n<p>Vi erbjuder fortbildningar och kurser \u00e5t undervisande och fostrande personal p\u00e5 olika utbildningsstadier f\u00f6r utvecklande av eget kunnande. Utbildningarna \u00e4r avgiftsfria f\u00f6r deltagarna. Du hittar v\u00e5ra aktuella utbildningar i <a href=\"https:\/\/www.luma.fi\/tapahtumat\/\">evenemangskalendern<\/a>.&nbsp;Kom ocks\u00e5 ih\u00e5g de nationella <a href=\"https:\/\/www.luma.fi\/luma-paivat\/\">LUMA-dagarna<\/a>, som ordnas \u00e5rligen och som \u00e4r en avgiftsfri fortbildningsm\u00f6jlighet f\u00f6r alla l\u00e4rare i matematisk-naturvetenskapliga \u00e4mnen fr\u00e5n sm\u00e5barnspedagogiken till andra stadiet!<\/p>\n\n\n\n<h2 class=\"wp-block-heading\">Blicken utanf\u00f6r boken<\/h2>\n\n\n\n<p>Har du en elevgrupp som du vill prova att jobba lite annorlunda med? Beh\u00f6ver du st\u00f6d med att planera helheter i l\u00e4rande som b\u00e5de engagerar och motiverar dina elever?<\/p>\n\n\n\n<p>M\u00e5lgrupp: L\u00e4rare och \u00e4mneskollegier inom matematik och naturvetenskap (biologi, fysik, geografi, kemi) i \u00e5rskurserna 7\u20139.<\/p>\n\n\n\n<p>Verksamheten p\u00e5g\u00e5r under l\u00e4s\u00e5ret 2025\u20132026 och inneh\u00e5ller:<\/p>\n\n\n\n<ul class=\"wp-block-list\">\n<li>Individuella eller skolvisa handledningstr\u00e4ffar som kan ordnas p\u00e5 den egna skolan eller p\u00e5 distans<\/li>\n\n\n\n<li>Planering och genomf\u00f6rande av en l\u00e4randehelhet som deltagarna testar i den egna undervisningen. Detta kan ordnas inom det egna kollegiet eller i samarbete med l\u00e4rare fr\u00e5n en annan samarbetsskola, som vi hj\u00e4lper dig att hitta.<\/li>\n<\/ul>\n\n\n\n<div class=\"wp-block-buttons is-layout-flex wp-block-buttons-is-layout-flex\">\n<div class=\"wp-block-button\"><a class=\"wp-block-button__link has-background wp-element-button\" href=\"https:\/\/www.abo.fi\/centret-for-livslangt-larande\/skolresurs\/skolresurs-lararfortbildning\/blicken-utanfor-boken\/\" style=\"background-color:#00a2c0\" target=\"_blank\" rel=\"noreferrer noopener\">L\u00e4s mera om Blicken utanf\u00f6r boken<\/a><\/div>\n<\/div>\n\n\n\n<p><\/p>\n\n\n\n<h2 class=\"wp-block-heading\">OMG-resursen<\/h2>\n\n\n\n<p>S\u00f6ker du ny inspiration f\u00f6r n\u00e5got temaomr\u00e5de inom omgivningsl\u00e4ran? Inom fortbildningen OMG-resursen f\u00e5r du som pedagog sj\u00e4lv v\u00e4lja ett temaomr\u00e5de (kan vara stort eller litet), som du f\u00e5r hj\u00e4lp med att utveckla och genomf\u00f6ra. Tidigare deltagare har valt att f\u00f6rdjupa sig i teman som rymden, kartor och elektricitet.<\/p>\n\n\n\n<p>Fortbildningen best\u00e5r av fyra delar:<\/p>\n\n\n\n<ul class=\"wp-block-list\">\n<li>inledande webbinarium (3.2 kl. 15\u201316) om empati, spr\u00e5k och r\u00f6relse<\/li>\n\n\n\n<li>grupptr\u00e4ffar (den 5.3, 30.3 och 29.4) online d\u00e4r vi g\u00e5r igenom konkret material<\/li>\n\n\n\n<li>individuellt st\u00f6d d\u00e4r du f\u00e5r hj\u00e4lp med ett eget valt tema inom omgivningsl\u00e4ran<\/li>\n\n\n\n<li>utomhuslektion p\u00e5 den egna skolg\u00e5rden dragen av fortbildaren<\/li>\n<\/ul>\n\n\n\n<p>Delarna \u00e4ger rum p\u00e5 distans eller i den egna skolan. Fortbildningen b\u00f6rjar i februari och p\u00e5g\u00e5r till maj. V\u00e4lkommen med!<\/p>\n\n\n\n<div class=\"wp-block-buttons is-layout-flex wp-block-buttons-is-layout-flex\">\n<div class=\"wp-block-button\"><a class=\"wp-block-button__link has-background wp-element-button\" href=\"https:\/\/www.abo.fi\/centret-for-livslangt-larande\/skolresurs\/skolresurs-lararfortbildning\/omgivningslararesursen\/\" style=\"background-color:#00a2c0\" target=\"_blank\" rel=\"noreferrer noopener\">L\u00e4s mera om OMG-resursen<\/a><\/div>\n<\/div>\n\n\n\n<p><\/p>\n\n\n\n<h2 class=\"wp-block-heading\">Mikromatte \u2013 fortbildning f\u00f6r sm\u00e5barnspedagoger<\/h2>\n\n\n\n<p>Hur kan man ta upp matematik i vardagen p\u00e5 enheten? Och vad \u00e4r matematik f\u00f6r sm\u00e5 barn? Kan jag, som sj\u00e4lv alltid har haft sv\u00e5rt med matematik, l\u00e4ra ut \u00e4mnet till barnen i min grupp?<\/p>\n\n\n\n<p>Mikromatte \u00e4r en fortbildning f\u00f6r sm\u00e5barnspedagoger som vill l\u00e4ra sig mer om matematik f\u00f6r sm\u00e5 barn. Fortbildningen best\u00e5r av fyra delar:<\/p>\n\n\n\n<ul class=\"wp-block-list\">\n<li>inledande webbinarium (3.2 kl. 12\u201313) om vardagsmatematik<\/li>\n\n\n\n<li>grupptr\u00e4ffar (den 5.3, 30.3 och 29.4) online d\u00e4r vi g\u00e5r igenom konkret material<\/li>\n\n\n\n<li>individuellt st\u00f6d d\u00e4r du f\u00e5r hj\u00e4lp med ett eget valt tema inom matematiken<\/li>\n\n\n\n<li>utomhuspedagogikstund p\u00e5 den egna enheten dragen av fortbildaren<\/li>\n<\/ul>\n\n\n\n<p>Delarna \u00e4ger rum p\u00e5 distans eller p\u00e5 den egna enheten. Fortbildningen b\u00f6rjar i februari och p\u00e5g\u00e5r till maj. V\u00e4lkommen med!<\/p>\n\n\n\n<div class=\"wp-block-buttons is-layout-flex wp-block-buttons-is-layout-flex\">\n<div class=\"wp-block-button\"><a class=\"wp-block-button__link has-background wp-element-button\" href=\"https:\/\/www.abo.fi\/centret-for-livslangt-larande\/skolresurs\/skolresurs-lararfortbildning\/mikromatte\/\" style=\"background-color:#00a2c0\" target=\"_blank\" rel=\"noreferrer noopener\">L\u00e4s mera om Mikromatte<\/a><\/div>\n<\/div>\n\n\n\n<p><\/p>\n\n\n\n<h2 class=\"wp-block-heading\">L\u00e4rare emellan-webbinarier<\/h2>\n\n\n\n<p>\u00c4r du intresserad av nya undervisningsmaterial och -metoder? Eller har du sj\u00e4lv tankar om hur undervisningen och l\u00e4randet i matematik, naturvetenskaper och teknologi borde utvecklas? LUMA-center Finland-n\u00e4tverket ordnar under l\u00e4s\u00e5ren 2024\u20132025 och 2025\u20132026 med st\u00f6d av Utbildningsstyrelsen utbildningar i syfte att l\u00e4rare sinsemellan kan dela med sig av sina erfarenheter och sitt kunnande. Vi ordnar webbinarier \u00f6ver n\u00e4tet, som har som syfte att erbjuda nya undervisningsmaterial och -metoder f\u00f6r en undervisning som \u00e4r i linje med l\u00e4roplansgrunderna. Webbinarierna spelas in, och det finns m\u00f6jlighet att diskutera aktuella teman ocks\u00e5 \u00f6ver n\u00e4tet efter webbinarierna.<br><br><strong>Kommande utbildningar hittar du i v\u00e5r evenemangskalender. <\/strong>Alla \u00e4r v\u00e4lkomna att l\u00e4ra sig av varandra. Vi ordnar webbinarier f\u00f6r personalen inom sm\u00e5barnspedagogiken, klassl\u00e4rare och \u00e4mnesl\u00e4rare. Inspelningar av alla tidigare utbildningar finns ocks\u00e5 fritt tillg\u00e4ngliga p\u00e5 plattformen Digicampus. Du f\u00e5r l\u00e4nken till plattformen genom att anm\u00e4la dig till utbildningsserien. Inspelningarna av bland annat dessa webbinarier finns p\u00e5 plattformen: <em>Unders\u00f6kande arbetss\u00e4tt<\/em> och <em>Escape Room i undervisningen<\/em>.<\/p>\n\n\n\n<p>F\u00f6r att delta beh\u00f6ver du anm\u00e4la dig via blanketten p\u00e5 n\u00e4tet. D\u00e5 f\u00e5r du alltid aktuell information om kommande utbildningar och deltagarinstruktioner till din e-post.<\/p>\n\n\n\n<div class=\"wp-block-buttons is-layout-flex wp-block-buttons-is-layout-flex\">\n<div class=\"wp-block-button\"><a class=\"wp-block-button__link has-background wp-element-button\" href=\"https:\/\/www.abo.fi\/centret-for-livslangt-larande\/skolresurs\/skolresurs-lararfortbildning\/larare-emellan\/\" style=\"background-color:#00a2c0\" target=\"_blank\" rel=\"noreferrer noopener\">L\u00e4s mer och anm\u00e4l dig till utbildningen h\u00e4r<\/a><\/div>\n<\/div>\n\n\n\n<p><\/p>\n\n\n\n<h2 class=\"wp-block-heading\">Bekanta dig med v\u00e5rt stora n\u00e4tkursutbud<\/h2>\n\n\n\n<p>LUMA-center Finlands n\u00e4tkurser hittar du p\u00e5 universitetens gemensamma Digicampus-plattform. Det \u00e4r enkelt att komma med p\u00e5 kurserna som \u00e4r avgiftsfria och \u00f6ppna f\u00f6r alla! S\u00e5 h\u00e4r deltar du i en n\u00e4tkurs:<\/p>\n\n\n\n<ol class=\"wp-block-list\">\n<li><a href=\"https:\/\/digicampus.fi\/course\/index.php?categoryid=145\">Klicka dig in p\u00e5 Digicampus via den h\u00e4r l\u00e4nken.<\/a><\/li>\n\n\n\n<li>Logga in antingen med ett befintligt anv\u00e4ndarnamn, med ett Google-konto, via HAKA-inloggning eller skapa ett nytt anv\u00e4ndarnamn utan n\u00e5got av de andra alternativen.<\/li>\n\n\n\n<li>V\u00e4lj en kurs som intresserar dig och klicka p\u00e5 Sj\u00e4lvregistrering \u2013 Registrera mig.<\/li>\n\n\n\n<li>Varmt v\u00e4lkommen med p\u00e5 kursen! P\u00e5 varje kurs ing\u00e5ngssida hittar du en kursintroduktion och n\u00e4rmare instruktioner f\u00f6r du studerar p\u00e5 kursen.<\/li>\n<\/ol>\n\n\n\n<p>Av v\u00e5ra kurser hittar du f\u00f6ljande p\u00e5 Digicampus:<\/p>\n\n\n\n<h3 class=\"wp-block-heading\">LUMATIKKA+-kurser om undervisning och l\u00e4rande i matematik<\/h3>\n\n\n\n<p>LUMATIKKA+ \u00e4r en uppdaterad version av den tidigare LUMATIKKA-fortbildningshelheten om undervisning och l\u00e4rande i matematik, som genomf\u00f6rdes och som vann en hel del ber\u00f6m under \u00e5ren 2018\u20132022. Tack vare finansieringen fr\u00e5n Utbildningsstyrelsen, som garanterades fram till sommaren 2025, var det avgiftsfritt att delta i utbildningen, och det erbj\u00f6ds ocks\u00e5 handledning. Fr\u00e5n juli 2025 finns LUMATIKKA+ -kurserna fortfarande fritt tillg\u00e4ngliga p\u00e5 n\u00e4tet i form av sj\u00e4lvstudiekurser.&nbsp;Du hittar alla LUMATIKKA+ -n\u00e4tkurser p\u00e5 denna kursplattform.<\/p>\n\n\n\n<p>Tv\u00e5 av kurserna inom utbildningsprogrammet erbjuds p\u00e5 svenska:&nbsp;<em>LUMATIKKA+ 1: Matematisk modellering \u2013 ett specialpedagogiskt perspektiv<\/em>&nbsp;och LUMATIKKA+ 3:&nbsp;<em>Helhetsskapande matematikundervisning<\/em>. Du hittar ocks\u00e5 alla de gamla n\u00e4tkurser som ing\u00e5tt i LUMATIKKA-programmet p\u00e5 DigiCampus-plattformen \u2013 d\u00e4r finns flera svenskpr\u00e5kiga kurser. LUMATIKKA och LUMATIKKA +-programmen har ett digert kursutbud, d\u00e4r du kan plocka \u00e5t dig kurser som intresserar dig. Du kan ta enskilda svenskspr\u00e5kiga kurser, v\u00e4lja kurser bland de finskspr\u00e5kiga kurserna eller valfria studiehelheter. Du f\u00e5r studera i din egen takt och ta flera kurser samtidigt eller efter varandra i den ordningsf\u00f6ljd som passar dig. Vi rekommenderar emellertid att deltagarna f\u00f6ljer studieschemat med de tre delarna&nbsp; +1 \u279d+2 \u279d +3.<\/p>\n\n\n\n<div class=\"wp-block-buttons is-layout-flex wp-block-buttons-is-layout-flex\">\n<div class=\"wp-block-button\"><a class=\"wp-block-button__link has-background wp-element-button\" href=\"https:\/\/digicampus.fi\/course\/index.php?categoryid=367\" style=\"background-color:#00a2c0\" target=\"_blank\" rel=\"noreferrer noopener\">Via den h\u00e4r l\u00e4nken&nbsp;kan du ta dig till LUMATIKKA+-sj\u00e4lvstudiekurserna<\/a><\/div>\n\n\n\n<div class=\"wp-block-button\"><a class=\"wp-block-button__link has-background wp-element-button\" href=\"https:\/\/digicampus.fi\/course\/index.php?categoryid=308\" style=\"background-color:#00a2c0\" target=\"_blank\" rel=\"noreferrer noopener\">Via den h\u00e4r l\u00e4nken&nbsp;kan du ta dig till de gamla LUMATIKKA-sj\u00e4lvstudiekurserna<\/a><\/div>\n<\/div>\n\n\n\n<p><\/p>\n\n\n\n<h3 class=\"wp-block-heading\">StarT LUMA-kurs om projektl\u00e4rande p\u00e5 engelska<\/h3>\n\n\n\n<p>Hur kan jag skapa en kollektiv helhet kring projektl\u00e4rande, som baserar sig p\u00e5 aktuell forskning? Hur kan jag st\u00f6dja studerandenas \u00e4ndam\u00e5lsenliga l\u00e4rande i STEM- eller STEAM-pedagogiken? Hur kan jag dra nytta av projektl\u00e4rande som en del av l\u00e4roplanen? Kursen <em>StarT LUMA: Collaborative project-based learning in STEAM education<\/em> har som syfte att st\u00f6tta l\u00e4rare och andra pedagoger fr\u00e5n sm\u00e5barnspedagogiken till andra stadiet, n\u00e4r de ska svara p\u00e5 dessa fr\u00e5gor. Efter kursen vet deltagarna vad StarT LUMA-programmet \u00e4r, vilka som \u00e4r de centrala k\u00e4nnetecknen f\u00f6r projektl\u00e4rande och hur de planerar in projektl\u00e4rande i sin undervisning i matematisk-naturvetenskapliga \u00e4mnen. De f\u00e5r ocks\u00e5 tillg\u00e5ng till ett flertal f\u00e4rdiga moduler kring projektl\u00e4rande.<\/p>\n\n\n\n<div class=\"wp-block-buttons is-layout-flex wp-block-buttons-is-layout-flex\">\n<div class=\"wp-block-button\"><a class=\"wp-block-button__link has-background wp-element-button\" href=\"https:\/\/digicampus.fi\/enrol\/index.php?id=5746\" style=\"background-color:#00a2c0\" target=\"_blank\" rel=\"noreferrer noopener\">Kursen hittar du via den h\u00e4r l\u00e4nken<\/a><\/div>\n<\/div>\n\n\n\n<p><\/p>\n\n\n\n<h3 class=\"wp-block-heading\">Helhetsskapande undervisning och m\u00e5ngsidiga l\u00e4rmilj\u00f6er<\/h3>\n\n\n\n<p>P\u00e5 den h\u00e4r kursen f\u00e5r deltagarna s\u00e4tta sig in i helhetsskapande undervisning och m\u00e5ngsidig kompetens samt grunderna som bed\u00f6mningen av dessa baserar sig p\u00e5. P\u00e5 kursen presenteras olika pedagogiska verktyg f\u00f6r helhetsskapande undervisning. S\u00e5dana verktyg \u00e4r till exempel projektl\u00e4rande, aktiverande studiebes\u00f6k, experimentella studier samt argumentation och fr\u00e5gor. Kursen \u00e4r ett slags introduktionskurs som senare, sinsemellan alternativa kurser, bygger vidare p\u00e5. Dessa kurser presenteras n\u00e4rmare i kursdelen Olika l\u00e4rmilj\u00f6er.<\/p>\n\n\n\n<p>M\u00e5lgrupp: l\u00e4rare p\u00e5 alla utbildningsstadier, handledare och l\u00e4rarstuderande<\/p>\n\n\n\n<p>M\u00e5let med kursen \u00e4r att<\/p>\n\n\n\n<ul class=\"wp-block-list\">\n<li>fr\u00e4mja den helhetsskapande undervisningen och undervisningen kring m\u00e5ngsidig kompetens samt bed\u00f6mningen av dessa<\/li>\n\n\n\n<li>st\u00f6dja implementeringen av l\u00e4roplanen p\u00e5 skolan<\/li>\n\n\n\n<li>lyfta fram inspirerande arbetss\u00e4tt<\/li>\n\n\n\n<li>ge en \u00f6versikt \u00f6ver m\u00f6jligheterna att dra nytta av olika typer av l\u00e4rmilj\u00f6er som st\u00f6d f\u00f6r den egna undervisningen.<\/li>\n<\/ul>\n\n\n\n<div class=\"wp-block-buttons is-layout-flex wp-block-buttons-is-layout-flex\">\n<div class=\"wp-block-button\"><a class=\"wp-block-button__link has-background wp-element-button\" href=\"https:\/\/digicampus.fi\/course\/view.php?id=2782\" style=\"background-color:#00a2c0\" target=\"_blank\" rel=\"noreferrer noopener\">Kursen hittar du via den h\u00e4r l\u00e4nken<\/a><\/div>\n<\/div>\n\n\n\n<p><\/p>\n\n\n\n<h3 class=\"wp-block-heading\">L\u00e4rmilj\u00f6er utanf\u00f6r d\u00f6rren<\/h3>\n\n\n\n<p>Har du funderat p\u00e5 vad utomhusundervisning \u00e4r och hur det kan genomf\u00f6ras, men vet inte riktigt var du ska b\u00f6rja? I denna interaktiva distansfortbildning L\u00e4rmilj\u00f6er utanf\u00f6r d\u00f6rren f\u00e5r du ta del av information bland annat om vad forskningen s\u00e4ger om utomhuspedagogik, s\u00e4kerhet d\u00e5 man g\u00e5r ut samt bed\u00f6mning utomhus. Ut\u00f6ver detta f\u00e5r du ta del av ett brett material av praktiska uppgifter, varifr\u00e5n du flexibelt kan plocka de uppgifter som passar just dig och din klass. Fortbildningen, som \u00e4r gratis, riktar sig fr\u00e4mst till pedagoger som arbetar i \u00e5k 1\u20136.<\/p>\n\n\n\n<div class=\"wp-block-buttons is-layout-flex wp-block-buttons-is-layout-flex\">\n<div class=\"wp-block-button\"><a class=\"wp-block-button__link has-background wp-element-button\" href=\"https:\/\/digicampus.fi\/course\/view.php?id=3864\" style=\"background-color:#00a2c0\" target=\"_blank\" rel=\"noreferrer noopener\">Kursen hittar du via den h\u00e4r l\u00e4nken<\/a><\/div>\n<\/div>\n\n\n\n<p><\/p>\n\n\n\n<h2 class=\"wp-block-heading\">Utbildning vid andra organisationer<\/h2>\n\n\n\n<ul class=\"wp-block-list\">\n<li><a href=\"https:\/\/maol.fi\/koulutus\/\" target=\"_blank\" rel=\"noreferrer noopener\">Riksf\u00f6rbundet f\u00f6r l\u00e4rare i matematiska \u00e4mnen MAOL rf:s utbildningar<\/a><\/li>\n\n\n\n<li><a href=\"https:\/\/peda.net\/yhdistykset\/bmol-ry\/koulutus\" target=\"_blank\" rel=\"noreferrer noopener\">Biologian ja maantieteen opettajien liitto BMOL rf:s utbildningar<\/a><\/li>\n\n\n\n<li><a href=\"https:\/\/www.innokas.fi\/koulutus\/\" target=\"_blank\" rel=\"noreferrer noopener\">Innokas-n\u00e4tverkets utbildningar<\/a><\/li>\n\n\n\n<li><a href=\"https:\/\/www.lukemaverkosto.fi\/ajankohtaista\/\" target=\"_blank\" rel=\"noreferrer noopener\">Lukema-n\u00e4tverkets utbildningar<\/a><\/li>\n\n\n\n<li><a href=\"https:\/\/www.flexibility.fi\/sv\/\" target=\"_blank\" rel=\"noreferrer noopener\">Fortbildningsprogrammet Flexma<\/a><\/li>\n<\/ul>\n\n\n\n<p><\/p>\n","protected":false},"excerpt":{"rendered":"<p>Vi erbjuder fortbildningar och kurser \u00e5t undervisande och fostrande personal p\u00e5 olika utbildningsstadier f\u00f6r utvecklande av eget kunnande. Utbildningarna \u00e4r avgiftsfria f\u00f6r deltagarna. Du hittar v\u00e5ra aktuella utbildningar i evenemangskalendern.&nbsp;Kom ocks\u00e5 ih\u00e5g de nationella LUMA-dagarna, som ordnas \u00e5rligen och som \u00e4r en avgiftsfri fortbildningsm\u00f6jlighet f\u00f6r alla l\u00e4rare i matematisk-naturvetenskapliga \u00e4mnen fr\u00e5n sm\u00e5barnspedagogiken till andra stadiet! &#8230; <a title=\"Fortbildningar och kurser f\u00f6r l\u00e4rare\" class=\"read-more\" href=\"https:\/\/www.luma.fi\/sv\/for-larare\/fortbildningar\/\" aria-label=\"L\u00e4s mer om Fortbildningar och kurser f\u00f6r l\u00e4rare\">L\u00e4s mer<\/a><\/p>\n","protected":false},"author":2,"featured_media":673,"parent":1080,"menu_order":0,"comment_status":"closed","ping_status":"closed","template":"","meta":{"footnotes":""},"class_list":["post-1151","page","type-page","status-publish","has-post-thumbnail"],"yoast_head":"<!-- This site is optimized with the Yoast SEO plugin v27.4 - https:\/\/yoast.com\/product\/yoast-seo-wordpress\/ -->\n<title>Fortbildningar och kurser f\u00f6r l\u00e4rare - LUMA-keskus Suomi<\/title>\n<meta name=\"robots\" content=\"index, follow, max-snippet:-1, max-image-preview:large, max-video-preview:-1\" \/>\n<link rel=\"canonical\" href=\"https:\/\/www.luma.fi\/sv\/for-larare\/fortbildningar\/\" \/>\n<meta property=\"og:locale\" content=\"sv_SE\" \/>\n<meta property=\"og:type\" content=\"article\" \/>\n<meta property=\"og:title\" content=\"Fortbildningar och kurser f\u00f6r l\u00e4rare - LUMA-keskus Suomi\" \/>\n<meta property=\"og:description\" content=\"Vi erbjuder fortbildningar och kurser \u00e5t undervisande och fostrande personal p\u00e5 olika utbildningsstadier f\u00f6r utvecklande av eget kunnande. Utbildningarna \u00e4r avgiftsfria f\u00f6r deltagarna. Du hittar v\u00e5ra aktuella utbildningar i evenemangskalendern.&nbsp;Kom ocks\u00e5 ih\u00e5g de nationella LUMA-dagarna, som ordnas \u00e5rligen och som \u00e4r en avgiftsfri fortbildningsm\u00f6jlighet f\u00f6r alla l\u00e4rare i matematisk-naturvetenskapliga \u00e4mnen fr\u00e5n sm\u00e5barnspedagogiken till andra stadiet! ... L\u00e4s mer\" \/>\n<meta property=\"og:url\" content=\"https:\/\/www.luma.fi\/sv\/for-larare\/fortbildningar\/\" \/>\n<meta property=\"og:site_name\" content=\"LUMA-keskus Suomi\" \/>\n<meta property=\"article:publisher\" content=\"https:\/\/www.facebook.com\/LUMAkeskusSuomi\/\" \/>\n<meta property=\"article:modified_time\" content=\"2026-01-22T13:55:21+00:00\" \/>\n<meta property=\"og:image\" content=\"http:\/\/www.luma.fi\/wp-content\/uploads\/2025\/09\/54629367662_2557867ba5_k.jpg\" \/>\n\t<meta property=\"og:image:width\" content=\"2048\" \/>\n\t<meta property=\"og:image:height\" content=\"1028\" \/>\n\t<meta property=\"og:image:type\" content=\"image\/jpeg\" \/>\n<meta name=\"twitter:card\" content=\"summary_large_image\" \/>\n<meta name=\"twitter:label1\" content=\"Ber\u00e4knad l\u00e4stid\" \/>\n\t<meta name=\"twitter:data1\" content=\"9 minuter\" \/>\n<script type=\"application\/ld+json\" class=\"yoast-schema-graph\">{\"@context\":\"https:\\\/\\\/schema.org\",\"@graph\":[{\"@type\":\"WebPage\",\"@id\":\"https:\\\/\\\/www.luma.fi\\\/sv\\\/for-larare\\\/fortbildningar\\\/\",\"url\":\"https:\\\/\\\/www.luma.fi\\\/sv\\\/for-larare\\\/fortbildningar\\\/\",\"name\":\"Fortbildningar och kurser f\u00f6r l\u00e4rare - LUMA-keskus Suomi\",\"isPartOf\":{\"@id\":\"https:\\\/\\\/www.luma.fi\\\/sv\\\/#website\"},\"primaryImageOfPage\":{\"@id\":\"https:\\\/\\\/www.luma.fi\\\/sv\\\/for-larare\\\/fortbildningar\\\/#primaryimage\"},\"image\":{\"@id\":\"https:\\\/\\\/www.luma.fi\\\/sv\\\/for-larare\\\/fortbildningar\\\/#primaryimage\"},\"thumbnailUrl\":\"https:\\\/\\\/www.luma.fi\\\/wp-content\\\/uploads\\\/2025\\\/09\\\/54629367662_2557867ba5_k.jpg\",\"datePublished\":\"2025-09-08T12:46:41+00:00\",\"dateModified\":\"2026-01-22T13:55:21+00:00\",\"breadcrumb\":{\"@id\":\"https:\\\/\\\/www.luma.fi\\\/sv\\\/for-larare\\\/fortbildningar\\\/#breadcrumb\"},\"inLanguage\":\"sv-SE\",\"potentialAction\":[{\"@type\":\"ReadAction\",\"target\":[\"https:\\\/\\\/www.luma.fi\\\/sv\\\/for-larare\\\/fortbildningar\\\/\"]}]},{\"@type\":\"ImageObject\",\"inLanguage\":\"sv-SE\",\"@id\":\"https:\\\/\\\/www.luma.fi\\\/sv\\\/for-larare\\\/fortbildningar\\\/#primaryimage\",\"url\":\"https:\\\/\\\/www.luma.fi\\\/wp-content\\\/uploads\\\/2025\\\/09\\\/54629367662_2557867ba5_k.jpg\",\"contentUrl\":\"https:\\\/\\\/www.luma.fi\\\/wp-content\\\/uploads\\\/2025\\\/09\\\/54629367662_2557867ba5_k.jpg\",\"width\":2048,\"height\":1028,\"caption\":\"Kuvassa eri-ik\u00e4iset opettajat tekev\u00e4t tutkimusta kemian v\u00e4lineill\u00e4 yhdess\u00e4 ja hymyss\u00e4suin.\"},{\"@type\":\"BreadcrumbList\",\"@id\":\"https:\\\/\\\/www.luma.fi\\\/sv\\\/for-larare\\\/fortbildningar\\\/#breadcrumb\",\"itemListElement\":[{\"@type\":\"ListItem\",\"position\":1,\"name\":\"Etusivu\",\"item\":\"https:\\\/\\\/www.luma.fi\\\/sv\\\/\"},{\"@type\":\"ListItem\",\"position\":2,\"name\":\"F\u00f6r l\u00e4rare\",\"item\":\"https:\\\/\\\/www.luma.fi\\\/sv\\\/for-larare\\\/\"},{\"@type\":\"ListItem\",\"position\":3,\"name\":\"Fortbildningar och kurser f\u00f6r l\u00e4rare\"}]},{\"@type\":\"WebSite\",\"@id\":\"https:\\\/\\\/www.luma.fi\\\/sv\\\/#website\",\"url\":\"https:\\\/\\\/www.luma.fi\\\/sv\\\/\",\"name\":\"LUMA-keskus Suomi\",\"description\":\"LUMA-keskus Suomi on 11 yliopiston tiedekasvatukseen ja teknologiakasvatukseen keskittyv&auml; verkosto. \",\"publisher\":{\"@id\":\"https:\\\/\\\/www.luma.fi\\\/sv\\\/#organization\"},\"potentialAction\":[{\"@type\":\"SearchAction\",\"target\":{\"@type\":\"EntryPoint\",\"urlTemplate\":\"https:\\\/\\\/www.luma.fi\\\/sv\\\/?s={search_term_string}\"},\"query-input\":{\"@type\":\"PropertyValueSpecification\",\"valueRequired\":true,\"valueName\":\"search_term_string\"}}],\"inLanguage\":\"sv-SE\"},{\"@type\":\"Organization\",\"@id\":\"https:\\\/\\\/www.luma.fi\\\/sv\\\/#organization\",\"name\":\"LUMA-keskus Suomi\",\"url\":\"https:\\\/\\\/www.luma.fi\\\/sv\\\/\",\"logo\":{\"@type\":\"ImageObject\",\"inLanguage\":\"sv-SE\",\"@id\":\"https:\\\/\\\/www.luma.fi\\\/sv\\\/#\\\/schema\\\/logo\\\/image\\\/\",\"url\":\"https:\\\/\\\/www.luma.fi\\\/wp-content\\\/uploads\\\/2025\\\/08\\\/luma_flower-multicolored_small.png\",\"contentUrl\":\"https:\\\/\\\/www.luma.fi\\\/wp-content\\\/uploads\\\/2025\\\/08\\\/luma_flower-multicolored_small.png\",\"width\":556,\"height\":557,\"caption\":\"LUMA-keskus Suomi\"},\"image\":{\"@id\":\"https:\\\/\\\/www.luma.fi\\\/sv\\\/#\\\/schema\\\/logo\\\/image\\\/\"},\"sameAs\":[\"https:\\\/\\\/www.facebook.com\\\/LUMAkeskusSuomi\\\/\",\"https:\\\/\\\/www.instagram.com\\\/lumasuomi\\\/\",\"https:\\\/\\\/www.youtube.com\\\/user\\\/lumakeskus\"]}]}<\/script>\n<!-- \/ Yoast SEO plugin. -->","yoast_head_json":{"title":"Fortbildningar och kurser f\u00f6r l\u00e4rare - LUMA-keskus Suomi","robots":{"index":"index","follow":"follow","max-snippet":"max-snippet:-1","max-image-preview":"max-image-preview:large","max-video-preview":"max-video-preview:-1"},"canonical":"https:\/\/www.luma.fi\/sv\/for-larare\/fortbildningar\/","og_locale":"sv_SE","og_type":"article","og_title":"Fortbildningar och kurser f\u00f6r l\u00e4rare - LUMA-keskus Suomi","og_description":"Vi erbjuder fortbildningar och kurser \u00e5t undervisande och fostrande personal p\u00e5 olika utbildningsstadier f\u00f6r utvecklande av eget kunnande. Utbildningarna \u00e4r avgiftsfria f\u00f6r deltagarna. Du hittar v\u00e5ra aktuella utbildningar i evenemangskalendern.&nbsp;Kom ocks\u00e5 ih\u00e5g de nationella LUMA-dagarna, som ordnas \u00e5rligen och som \u00e4r en avgiftsfri fortbildningsm\u00f6jlighet f\u00f6r alla l\u00e4rare i matematisk-naturvetenskapliga \u00e4mnen fr\u00e5n sm\u00e5barnspedagogiken till andra stadiet! ... L\u00e4s mer","og_url":"https:\/\/www.luma.fi\/sv\/for-larare\/fortbildningar\/","og_site_name":"LUMA-keskus Suomi","article_publisher":"https:\/\/www.facebook.com\/LUMAkeskusSuomi\/","article_modified_time":"2026-01-22T13:55:21+00:00","og_image":[{"width":2048,"height":1028,"url":"http:\/\/www.luma.fi\/wp-content\/uploads\/2025\/09\/54629367662_2557867ba5_k.jpg","type":"image\/jpeg"}],"twitter_card":"summary_large_image","twitter_misc":{"Ber\u00e4knad l\u00e4stid":"9 minuter"},"schema":{"@context":"https:\/\/schema.org","@graph":[{"@type":"WebPage","@id":"https:\/\/www.luma.fi\/sv\/for-larare\/fortbildningar\/","url":"https:\/\/www.luma.fi\/sv\/for-larare\/fortbildningar\/","name":"Fortbildningar och kurser f\u00f6r l\u00e4rare - LUMA-keskus Suomi","isPartOf":{"@id":"https:\/\/www.luma.fi\/sv\/#website"},"primaryImageOfPage":{"@id":"https:\/\/www.luma.fi\/sv\/for-larare\/fortbildningar\/#primaryimage"},"image":{"@id":"https:\/\/www.luma.fi\/sv\/for-larare\/fortbildningar\/#primaryimage"},"thumbnailUrl":"https:\/\/www.luma.fi\/wp-content\/uploads\/2025\/09\/54629367662_2557867ba5_k.jpg","datePublished":"2025-09-08T12:46:41+00:00","dateModified":"2026-01-22T13:55:21+00:00","breadcrumb":{"@id":"https:\/\/www.luma.fi\/sv\/for-larare\/fortbildningar\/#breadcrumb"},"inLanguage":"sv-SE","potentialAction":[{"@type":"ReadAction","target":["https:\/\/www.luma.fi\/sv\/for-larare\/fortbildningar\/"]}]},{"@type":"ImageObject","inLanguage":"sv-SE","@id":"https:\/\/www.luma.fi\/sv\/for-larare\/fortbildningar\/#primaryimage","url":"https:\/\/www.luma.fi\/wp-content\/uploads\/2025\/09\/54629367662_2557867ba5_k.jpg","contentUrl":"https:\/\/www.luma.fi\/wp-content\/uploads\/2025\/09\/54629367662_2557867ba5_k.jpg","width":2048,"height":1028,"caption":"Kuvassa eri-ik\u00e4iset opettajat tekev\u00e4t tutkimusta kemian v\u00e4lineill\u00e4 yhdess\u00e4 ja hymyss\u00e4suin."},{"@type":"BreadcrumbList","@id":"https:\/\/www.luma.fi\/sv\/for-larare\/fortbildningar\/#breadcrumb","itemListElement":[{"@type":"ListItem","position":1,"name":"Etusivu","item":"https:\/\/www.luma.fi\/sv\/"},{"@type":"ListItem","position":2,"name":"F\u00f6r l\u00e4rare","item":"https:\/\/www.luma.fi\/sv\/for-larare\/"},{"@type":"ListItem","position":3,"name":"Fortbildningar och kurser f\u00f6r l\u00e4rare"}]},{"@type":"WebSite","@id":"https:\/\/www.luma.fi\/sv\/#website","url":"https:\/\/www.luma.fi\/sv\/","name":"LUMA-keskus Suomi","description":"LUMA-keskus Suomi on 11 yliopiston tiedekasvatukseen ja teknologiakasvatukseen keskittyv&auml; verkosto. ","publisher":{"@id":"https:\/\/www.luma.fi\/sv\/#organization"},"potentialAction":[{"@type":"SearchAction","target":{"@type":"EntryPoint","urlTemplate":"https:\/\/www.luma.fi\/sv\/?s={search_term_string}"},"query-input":{"@type":"PropertyValueSpecification","valueRequired":true,"valueName":"search_term_string"}}],"inLanguage":"sv-SE"},{"@type":"Organization","@id":"https:\/\/www.luma.fi\/sv\/#organization","name":"LUMA-keskus Suomi","url":"https:\/\/www.luma.fi\/sv\/","logo":{"@type":"ImageObject","inLanguage":"sv-SE","@id":"https:\/\/www.luma.fi\/sv\/#\/schema\/logo\/image\/","url":"https:\/\/www.luma.fi\/wp-content\/uploads\/2025\/08\/luma_flower-multicolored_small.png","contentUrl":"https:\/\/www.luma.fi\/wp-content\/uploads\/2025\/08\/luma_flower-multicolored_small.png","width":556,"height":557,"caption":"LUMA-keskus Suomi"},"image":{"@id":"https:\/\/www.luma.fi\/sv\/#\/schema\/logo\/image\/"},"sameAs":["https:\/\/www.facebook.com\/LUMAkeskusSuomi\/","https:\/\/www.instagram.com\/lumasuomi\/","https:\/\/www.youtube.com\/user\/lumakeskus"]}]}},"_links":{"self":[{"href":"https:\/\/www.luma.fi\/sv\/wp-json\/wp\/v2\/pages\/1151","targetHints":{"allow":["GET"]}}],"collection":[{"href":"https:\/\/www.luma.fi\/sv\/wp-json\/wp\/v2\/pages"}],"about":[{"href":"https:\/\/www.luma.fi\/sv\/wp-json\/wp\/v2\/types\/page"}],"author":[{"embeddable":true,"href":"https:\/\/www.luma.fi\/sv\/wp-json\/wp\/v2\/users\/2"}],"replies":[{"embeddable":true,"href":"https:\/\/www.luma.fi\/sv\/wp-json\/wp\/v2\/comments?post=1151"}],"version-history":[{"count":11,"href":"https:\/\/www.luma.fi\/sv\/wp-json\/wp\/v2\/pages\/1151\/revisions"}],"predecessor-version":[{"id":15712,"href":"https:\/\/www.luma.fi\/sv\/wp-json\/wp\/v2\/pages\/1151\/revisions\/15712"}],"up":[{"embeddable":true,"href":"https:\/\/www.luma.fi\/sv\/wp-json\/wp\/v2\/pages\/1080"}],"wp:featuredmedia":[{"embeddable":true,"href":"https:\/\/www.luma.fi\/sv\/wp-json\/wp\/v2\/media\/673"}],"wp:attachment":[{"href":"https:\/\/www.luma.fi\/sv\/wp-json\/wp\/v2\/media?parent=1151"}],"curies":[{"name":"wp","href":"https:\/\/api.w.org\/{rel}","templated":true}]}}