{"id":824,"date":"2025-09-09T10:39:18","date_gmt":"2025-09-09T08:39:18","guid":{"rendered":"https:\/\/www.myscience.fi\/?page_id=824"},"modified":"2025-12-03T14:55:37","modified_gmt":"2025-12-03T12:55:37","slug":"for-barn-och-unga","status":"publish","type":"page","link":"https:\/\/www.luma.fi\/sv\/for-barn-och-unga\/","title":{"rendered":"F\u00f6r barn, unga och familjer"},"content":{"rendered":"\n<div class=\"wp-block-columns is-layout-flex wp-container-core-columns-is-layout-9d6595d7 wp-block-columns-is-layout-flex\">\n<div class=\"wp-block-column is-layout-flow wp-block-column-is-layout-flow\">\n<figure class=\"wp-block-image size-large\"><img loading=\"lazy\" decoding=\"async\" width=\"1024\" height=\"513\" src=\"https:\/\/www.luma.fi\/wp-content\/uploads\/2025\/09\/Tiedekerhot-1024x513.jpg\" alt=\"Kuvituskuvassa valokuva kahdesta 8-vuotiaasta tyt\u00f6st\u00e4 ulkovaatteissa syksyisell\u00e4 rannalla. Toinen on tehnyt j\u00e4rviruokosta viikset ja toinen nauraa.\" class=\"wp-image-626\" srcset=\"https:\/\/www.luma.fi\/wp-content\/uploads\/2025\/09\/Tiedekerhot-1024x513.jpg 1024w, https:\/\/www.luma.fi\/wp-content\/uploads\/2025\/09\/Tiedekerhot-300x150.jpg 300w, https:\/\/www.luma.fi\/wp-content\/uploads\/2025\/09\/Tiedekerhot-768x384.jpg 768w, https:\/\/www.luma.fi\/wp-content\/uploads\/2025\/09\/Tiedekerhot-1536x769.jpg 1536w, https:\/\/www.luma.fi\/wp-content\/uploads\/2025\/09\/Tiedekerhot.jpg 1920w\" sizes=\"auto, (max-width: 1024px) 100vw, 1024px\" \/><\/figure>\n\n\n\n<h2 class=\"wp-block-heading\">Vetenskapsklubbar<\/h2>\n\n\n\n<p>P\u00e5 vetenskapsklubbar l\u00e4r vi oss p\u00e5 ett roligt s\u00e4tt. Vi ordnar klubbverksamhet \u00e5t barn och unga i olika \u00e5ldrar kring olika teman. <\/p>\n\n\n\n<div class=\"wp-block-buttons is-layout-flex wp-block-buttons-is-layout-flex\">\n<div class=\"wp-block-button\"><a class=\"wp-block-button__link has-base-3-color has-text-color has-background has-link-color wp-element-button\" href=\"https:\/\/www.luma.fi\/sv\/for-barn-och-unga\/klubbar\/\" style=\"background-color:#00a2c0\"><strong>L<\/strong>\u00e4s mer<\/a><\/div>\n<\/div>\n<\/div>\n\n\n\n<div class=\"wp-block-column is-layout-flow wp-block-column-is-layout-flow\">\n<figure class=\"wp-block-image size-large\"><img loading=\"lazy\" decoding=\"async\" width=\"1024\" height=\"515\" src=\"https:\/\/www.luma.fi\/wp-content\/uploads\/2025\/09\/leirit-1024x515.jpg\" alt=\"Kuvassa ty\u00f6tt\u00e4 ja poika ratkovat matemaattista teht\u00e4v\u00e4\u00e4 k\u00e4vyill\u00e4 ja kivill\u00e4 kalliolla istuen.\" class=\"wp-image-387\" srcset=\"https:\/\/www.luma.fi\/wp-content\/uploads\/2025\/09\/leirit-1024x515.jpg 1024w, https:\/\/www.luma.fi\/wp-content\/uploads\/2025\/09\/leirit-300x151.jpg 300w, https:\/\/www.luma.fi\/wp-content\/uploads\/2025\/09\/leirit-768x386.jpg 768w, https:\/\/www.luma.fi\/wp-content\/uploads\/2025\/09\/leirit-1536x772.jpg 1536w, https:\/\/www.luma.fi\/wp-content\/uploads\/2025\/09\/leirit.jpg 1920w\" sizes=\"auto, (max-width: 1024px) 100vw, 1024px\" \/><\/figure>\n\n\n\n<h2 class=\"wp-block-heading\">Sommarl\u00e4ger<\/h2>\n\n\n\n<p>Vi ordnar natuvetenskapliga l\u00e4ger \u00e5t barn och unga under sommaren och skolloven. <\/p>\n\n\n\n<div class=\"wp-block-buttons is-layout-flex wp-block-buttons-is-layout-flex\">\n<div class=\"wp-block-button\"><a class=\"wp-block-button__link has-base-3-color has-text-color has-background has-link-color wp-element-button\" href=\"https:\/\/www.luma.fi\/sv\/for-barn-och-unga\/sommarlager\/\" style=\"background-color:#00a2c0\"><strong>L<\/strong>\u00e4s mer<\/a><\/div>\n<\/div>\n<\/div>\n<\/div>\n\n\n\n<div class=\"wp-block-columns is-layout-flex wp-container-core-columns-is-layout-9d6595d7 wp-block-columns-is-layout-flex\">\n<div class=\"wp-block-column is-layout-flow wp-block-column-is-layout-flow\">\n<figure class=\"wp-block-image size-large\"><img loading=\"lazy\" decoding=\"async\" width=\"1024\" height=\"510\" src=\"https:\/\/www.luma.fi\/wp-content\/uploads\/2025\/09\/nuorille-1024x510.jpg\" alt=\"Kuvassa lukiolaiset leikkiv\u00e4t l\u00e4mp\u00f6kameralla.\" class=\"wp-image-380\" srcset=\"https:\/\/www.luma.fi\/wp-content\/uploads\/2025\/09\/nuorille-1024x510.jpg 1024w, https:\/\/www.luma.fi\/wp-content\/uploads\/2025\/09\/nuorille-300x149.jpg 300w, https:\/\/www.luma.fi\/wp-content\/uploads\/2025\/09\/nuorille-768x383.jpg 768w, https:\/\/www.luma.fi\/wp-content\/uploads\/2025\/09\/nuorille-1536x765.jpg 1536w, https:\/\/www.luma.fi\/wp-content\/uploads\/2025\/09\/nuorille.jpg 2048w\" sizes=\"auto, (max-width: 1024px) 100vw, 1024px\" \/><\/figure>\n\n\n\n<h2 class=\"wp-block-heading\">LUMA-verksamhet f\u00f6r gymnasieelever och yrkesstuderande<\/h2>\n\n\n\n<p>P\u00e5 den h\u00e4r sidan har vi samlat kurser och utbildningar i de natuvetenskapliga \u00e4mnena f\u00f6r gymnasister och yrkesskolestuderanden. <\/p>\n\n\n\n<div class=\"wp-block-buttons is-layout-flex wp-block-buttons-is-layout-flex\">\n<div class=\"wp-block-button\"><a class=\"wp-block-button__link has-base-3-color has-text-color has-background has-link-color has-text-align-left wp-element-button\" href=\"https:\/\/www.luma.fi\/sv\/for-barn-och-unga\/andra-stadiet\/\" style=\"background-color:#00a2c0\"><strong><strong><strong>L\u00e4s mer<\/strong><\/strong><\/strong><\/a><\/div>\n<\/div>\n<\/div>\n\n\n\n<div class=\"wp-block-column is-layout-flow wp-block-column-is-layout-flow\">\n<figure class=\"wp-block-image size-large\"><img loading=\"lazy\" decoding=\"async\" width=\"1024\" height=\"515\" src=\"https:\/\/www.luma.fi\/wp-content\/uploads\/2025\/09\/perhetapahtuma-1024x515.jpg\" alt=\"Kuva tiedetapahtumasta, jonne on osallistunut perheit\u00e4.\" class=\"wp-image-391\" srcset=\"https:\/\/www.luma.fi\/wp-content\/uploads\/2025\/09\/perhetapahtuma-1024x515.jpg 1024w, https:\/\/www.luma.fi\/wp-content\/uploads\/2025\/09\/perhetapahtuma-300x151.jpg 300w, https:\/\/www.luma.fi\/wp-content\/uploads\/2025\/09\/perhetapahtuma-768x386.jpg 768w, https:\/\/www.luma.fi\/wp-content\/uploads\/2025\/09\/perhetapahtuma-1536x772.jpg 1536w, https:\/\/www.luma.fi\/wp-content\/uploads\/2025\/09\/perhetapahtuma.jpg 2048w\" sizes=\"auto, (max-width: 1024px) 100vw, 1024px\" \/><\/figure>\n\n\n\n<h2 class=\"wp-block-heading\">Vetenskap f\u00f6r hela familjen<\/h2>\n\n\n\n<p>P\u00e5 den h\u00e4r sidan har vi samlat aktiviteter, videor och material f\u00f6r hela familjen. F\u00f6lj ocks\u00e5 med v\u00e5r h\u00e4ndelsekalender, d\u00e4r vi samlar aktuella evenemang som riktar sig till hela familjen i Finland.<\/p>\n\n\n\n<div class=\"wp-block-buttons is-layout-flex wp-block-buttons-is-layout-flex\">\n<div class=\"wp-block-button\"><a class=\"wp-block-button__link has-base-3-color has-text-color has-background has-link-color wp-element-button\" href=\"https:\/\/www.luma.fi\/sv\/for-barn-och-unga\/prova-hemma\/\" style=\"background-color:#00a2c0\"><strong><strong>L\u00e4s mer<\/strong><\/strong><\/a><\/div>\n<\/div>\n<\/div>\n<\/div>\n","protected":false},"excerpt":{"rendered":"<p>Vetenskapsklubbar P\u00e5 vetenskapsklubbar l\u00e4r vi oss p\u00e5 ett roligt s\u00e4tt. Vi ordnar klubbverksamhet \u00e5t barn och unga i olika \u00e5ldrar kring olika teman. Sommarl\u00e4ger Vi ordnar natuvetenskapliga l\u00e4ger \u00e5t barn och unga under sommaren och skolloven. LUMA-verksamhet f\u00f6r gymnasieelever och yrkesstuderande P\u00e5 den h\u00e4r sidan har vi samlat kurser och utbildningar i de natuvetenskapliga \u00e4mnena &#8230; <a title=\"F\u00f6r barn, unga och familjer\" class=\"read-more\" href=\"https:\/\/www.luma.fi\/sv\/for-barn-och-unga\/\" aria-label=\"L\u00e4s mer om F\u00f6r barn, unga och familjer\">L\u00e4s mer<\/a><\/p>\n","protected":false},"author":2,"featured_media":0,"parent":0,"menu_order":0,"comment_status":"closed","ping_status":"closed","template":"","meta":{"footnotes":""},"class_list":["post-824","page","type-page","status-publish"],"yoast_head":"<!-- This site is optimized with the Yoast SEO plugin v27.4 - https:\/\/yoast.com\/product\/yoast-seo-wordpress\/ -->\n<title>F\u00f6r barn, unga och familjer - LUMA-keskus Suomi<\/title>\n<meta name=\"robots\" content=\"index, follow, max-snippet:-1, max-image-preview:large, max-video-preview:-1\" \/>\n<link rel=\"canonical\" href=\"https:\/\/www.luma.fi\/sv\/for-barn-och-unga\/\" \/>\n<meta property=\"og:locale\" content=\"sv_SE\" \/>\n<meta property=\"og:type\" content=\"article\" \/>\n<meta property=\"og:title\" content=\"F\u00f6r barn, unga och familjer - LUMA-keskus Suomi\" \/>\n<meta property=\"og:description\" content=\"Vetenskapsklubbar P\u00e5 vetenskapsklubbar l\u00e4r vi oss p\u00e5 ett roligt s\u00e4tt. Vi ordnar klubbverksamhet \u00e5t barn och unga i olika \u00e5ldrar kring olika teman. Sommarl\u00e4ger Vi ordnar natuvetenskapliga l\u00e4ger \u00e5t barn och unga under sommaren och skolloven. LUMA-verksamhet f\u00f6r gymnasieelever och yrkesstuderande P\u00e5 den h\u00e4r sidan har vi samlat kurser och utbildningar i de natuvetenskapliga \u00e4mnena ... L\u00e4s mer\" \/>\n<meta property=\"og:url\" content=\"https:\/\/www.luma.fi\/sv\/for-barn-och-unga\/\" \/>\n<meta property=\"og:site_name\" content=\"LUMA-keskus Suomi\" \/>\n<meta property=\"article:publisher\" content=\"https:\/\/www.facebook.com\/LUMAkeskusSuomi\/\" \/>\n<meta property=\"article:modified_time\" content=\"2025-12-03T12:55:37+00:00\" \/>\n<meta property=\"og:image\" content=\"https:\/\/www.luma.fi\/wp-content\/uploads\/2025\/09\/Tiedekerhot.jpg\" \/>\n\t<meta property=\"og:image:width\" content=\"1920\" \/>\n\t<meta property=\"og:image:height\" content=\"961\" \/>\n\t<meta property=\"og:image:type\" content=\"image\/jpeg\" \/>\n<meta name=\"twitter:card\" content=\"summary_large_image\" \/>\n<meta name=\"twitter:label1\" content=\"Ber\u00e4knad l\u00e4stid\" \/>\n\t<meta name=\"twitter:data1\" content=\"2 minuter\" \/>\n<script type=\"application\/ld+json\" class=\"yoast-schema-graph\">{\"@context\":\"https:\\\/\\\/schema.org\",\"@graph\":[{\"@type\":\"WebPage\",\"@id\":\"https:\\\/\\\/www.luma.fi\\\/sv\\\/for-barn-och-unga\\\/\",\"url\":\"https:\\\/\\\/www.luma.fi\\\/sv\\\/for-barn-och-unga\\\/\",\"name\":\"F\u00f6r barn, unga och familjer - LUMA-keskus Suomi\",\"isPartOf\":{\"@id\":\"https:\\\/\\\/www.luma.fi\\\/sv\\\/#website\"},\"primaryImageOfPage\":{\"@id\":\"https:\\\/\\\/www.luma.fi\\\/sv\\\/for-barn-och-unga\\\/#primaryimage\"},\"image\":{\"@id\":\"https:\\\/\\\/www.luma.fi\\\/sv\\\/for-barn-och-unga\\\/#primaryimage\"},\"thumbnailUrl\":\"https:\\\/\\\/www.luma.fi\\\/wp-content\\\/uploads\\\/2025\\\/09\\\/Tiedekerhot-1024x513.jpg\",\"datePublished\":\"2025-09-09T08:39:18+00:00\",\"dateModified\":\"2025-12-03T12:55:37+00:00\",\"breadcrumb\":{\"@id\":\"https:\\\/\\\/www.luma.fi\\\/sv\\\/for-barn-och-unga\\\/#breadcrumb\"},\"inLanguage\":\"sv-SE\",\"potentialAction\":[{\"@type\":\"ReadAction\",\"target\":[\"https:\\\/\\\/www.luma.fi\\\/sv\\\/for-barn-och-unga\\\/\"]}]},{\"@type\":\"ImageObject\",\"inLanguage\":\"sv-SE\",\"@id\":\"https:\\\/\\\/www.luma.fi\\\/sv\\\/for-barn-och-unga\\\/#primaryimage\",\"url\":\"https:\\\/\\\/www.luma.fi\\\/wp-content\\\/uploads\\\/2025\\\/09\\\/Tiedekerhot-1024x513.jpg\",\"contentUrl\":\"https:\\\/\\\/www.luma.fi\\\/wp-content\\\/uploads\\\/2025\\\/09\\\/Tiedekerhot-1024x513.jpg\"},{\"@type\":\"BreadcrumbList\",\"@id\":\"https:\\\/\\\/www.luma.fi\\\/sv\\\/for-barn-och-unga\\\/#breadcrumb\",\"itemListElement\":[{\"@type\":\"ListItem\",\"position\":1,\"name\":\"Etusivu\",\"item\":\"https:\\\/\\\/www.luma.fi\\\/sv\\\/\"},{\"@type\":\"ListItem\",\"position\":2,\"name\":\"F\u00f6r barn, unga och familjer\"}]},{\"@type\":\"WebSite\",\"@id\":\"https:\\\/\\\/www.luma.fi\\\/sv\\\/#website\",\"url\":\"https:\\\/\\\/www.luma.fi\\\/sv\\\/\",\"name\":\"LUMA-keskus Suomi\",\"description\":\"LUMA-keskus Suomi on 11 yliopiston tiedekasvatukseen ja teknologiakasvatukseen keskittyv&auml; verkosto. \",\"publisher\":{\"@id\":\"https:\\\/\\\/www.luma.fi\\\/sv\\\/#organization\"},\"potentialAction\":[{\"@type\":\"SearchAction\",\"target\":{\"@type\":\"EntryPoint\",\"urlTemplate\":\"https:\\\/\\\/www.luma.fi\\\/sv\\\/?s={search_term_string}\"},\"query-input\":{\"@type\":\"PropertyValueSpecification\",\"valueRequired\":true,\"valueName\":\"search_term_string\"}}],\"inLanguage\":\"sv-SE\"},{\"@type\":\"Organization\",\"@id\":\"https:\\\/\\\/www.luma.fi\\\/sv\\\/#organization\",\"name\":\"LUMA-keskus Suomi\",\"url\":\"https:\\\/\\\/www.luma.fi\\\/sv\\\/\",\"logo\":{\"@type\":\"ImageObject\",\"inLanguage\":\"sv-SE\",\"@id\":\"https:\\\/\\\/www.luma.fi\\\/sv\\\/#\\\/schema\\\/logo\\\/image\\\/\",\"url\":\"https:\\\/\\\/www.luma.fi\\\/wp-content\\\/uploads\\\/2025\\\/08\\\/luma_flower-multicolored_small.png\",\"contentUrl\":\"https:\\\/\\\/www.luma.fi\\\/wp-content\\\/uploads\\\/2025\\\/08\\\/luma_flower-multicolored_small.png\",\"width\":556,\"height\":557,\"caption\":\"LUMA-keskus Suomi\"},\"image\":{\"@id\":\"https:\\\/\\\/www.luma.fi\\\/sv\\\/#\\\/schema\\\/logo\\\/image\\\/\"},\"sameAs\":[\"https:\\\/\\\/www.facebook.com\\\/LUMAkeskusSuomi\\\/\",\"https:\\\/\\\/www.instagram.com\\\/lumasuomi\\\/\",\"https:\\\/\\\/www.youtube.com\\\/user\\\/lumakeskus\"]}]}<\/script>\n<!-- \/ Yoast SEO plugin. -->","yoast_head_json":{"title":"F\u00f6r barn, unga och familjer - LUMA-keskus Suomi","robots":{"index":"index","follow":"follow","max-snippet":"max-snippet:-1","max-image-preview":"max-image-preview:large","max-video-preview":"max-video-preview:-1"},"canonical":"https:\/\/www.luma.fi\/sv\/for-barn-och-unga\/","og_locale":"sv_SE","og_type":"article","og_title":"F\u00f6r barn, unga och familjer - LUMA-keskus Suomi","og_description":"Vetenskapsklubbar P\u00e5 vetenskapsklubbar l\u00e4r vi oss p\u00e5 ett roligt s\u00e4tt. Vi ordnar klubbverksamhet \u00e5t barn och unga i olika \u00e5ldrar kring olika teman. Sommarl\u00e4ger Vi ordnar natuvetenskapliga l\u00e4ger \u00e5t barn och unga under sommaren och skolloven. LUMA-verksamhet f\u00f6r gymnasieelever och yrkesstuderande P\u00e5 den h\u00e4r sidan har vi samlat kurser och utbildningar i de natuvetenskapliga \u00e4mnena ... L\u00e4s mer","og_url":"https:\/\/www.luma.fi\/sv\/for-barn-och-unga\/","og_site_name":"LUMA-keskus Suomi","article_publisher":"https:\/\/www.facebook.com\/LUMAkeskusSuomi\/","article_modified_time":"2025-12-03T12:55:37+00:00","og_image":[{"width":1920,"height":961,"url":"https:\/\/www.luma.fi\/wp-content\/uploads\/2025\/09\/Tiedekerhot.jpg","type":"image\/jpeg"}],"twitter_card":"summary_large_image","twitter_misc":{"Ber\u00e4knad l\u00e4stid":"2 minuter"},"schema":{"@context":"https:\/\/schema.org","@graph":[{"@type":"WebPage","@id":"https:\/\/www.luma.fi\/sv\/for-barn-och-unga\/","url":"https:\/\/www.luma.fi\/sv\/for-barn-och-unga\/","name":"F\u00f6r barn, unga och familjer - LUMA-keskus Suomi","isPartOf":{"@id":"https:\/\/www.luma.fi\/sv\/#website"},"primaryImageOfPage":{"@id":"https:\/\/www.luma.fi\/sv\/for-barn-och-unga\/#primaryimage"},"image":{"@id":"https:\/\/www.luma.fi\/sv\/for-barn-och-unga\/#primaryimage"},"thumbnailUrl":"https:\/\/www.luma.fi\/wp-content\/uploads\/2025\/09\/Tiedekerhot-1024x513.jpg","datePublished":"2025-09-09T08:39:18+00:00","dateModified":"2025-12-03T12:55:37+00:00","breadcrumb":{"@id":"https:\/\/www.luma.fi\/sv\/for-barn-och-unga\/#breadcrumb"},"inLanguage":"sv-SE","potentialAction":[{"@type":"ReadAction","target":["https:\/\/www.luma.fi\/sv\/for-barn-och-unga\/"]}]},{"@type":"ImageObject","inLanguage":"sv-SE","@id":"https:\/\/www.luma.fi\/sv\/for-barn-och-unga\/#primaryimage","url":"https:\/\/www.luma.fi\/wp-content\/uploads\/2025\/09\/Tiedekerhot-1024x513.jpg","contentUrl":"https:\/\/www.luma.fi\/wp-content\/uploads\/2025\/09\/Tiedekerhot-1024x513.jpg"},{"@type":"BreadcrumbList","@id":"https:\/\/www.luma.fi\/sv\/for-barn-och-unga\/#breadcrumb","itemListElement":[{"@type":"ListItem","position":1,"name":"Etusivu","item":"https:\/\/www.luma.fi\/sv\/"},{"@type":"ListItem","position":2,"name":"F\u00f6r barn, unga och familjer"}]},{"@type":"WebSite","@id":"https:\/\/www.luma.fi\/sv\/#website","url":"https:\/\/www.luma.fi\/sv\/","name":"LUMA-keskus Suomi","description":"LUMA-keskus Suomi on 11 yliopiston tiedekasvatukseen ja teknologiakasvatukseen keskittyv&auml; verkosto. ","publisher":{"@id":"https:\/\/www.luma.fi\/sv\/#organization"},"potentialAction":[{"@type":"SearchAction","target":{"@type":"EntryPoint","urlTemplate":"https:\/\/www.luma.fi\/sv\/?s={search_term_string}"},"query-input":{"@type":"PropertyValueSpecification","valueRequired":true,"valueName":"search_term_string"}}],"inLanguage":"sv-SE"},{"@type":"Organization","@id":"https:\/\/www.luma.fi\/sv\/#organization","name":"LUMA-keskus Suomi","url":"https:\/\/www.luma.fi\/sv\/","logo":{"@type":"ImageObject","inLanguage":"sv-SE","@id":"https:\/\/www.luma.fi\/sv\/#\/schema\/logo\/image\/","url":"https:\/\/www.luma.fi\/wp-content\/uploads\/2025\/08\/luma_flower-multicolored_small.png","contentUrl":"https:\/\/www.luma.fi\/wp-content\/uploads\/2025\/08\/luma_flower-multicolored_small.png","width":556,"height":557,"caption":"LUMA-keskus Suomi"},"image":{"@id":"https:\/\/www.luma.fi\/sv\/#\/schema\/logo\/image\/"},"sameAs":["https:\/\/www.facebook.com\/LUMAkeskusSuomi\/","https:\/\/www.instagram.com\/lumasuomi\/","https:\/\/www.youtube.com\/user\/lumakeskus"]}]}},"_links":{"self":[{"href":"https:\/\/www.luma.fi\/sv\/wp-json\/wp\/v2\/pages\/824","targetHints":{"allow":["GET"]}}],"collection":[{"href":"https:\/\/www.luma.fi\/sv\/wp-json\/wp\/v2\/pages"}],"about":[{"href":"https:\/\/www.luma.fi\/sv\/wp-json\/wp\/v2\/types\/page"}],"author":[{"embeddable":true,"href":"https:\/\/www.luma.fi\/sv\/wp-json\/wp\/v2\/users\/2"}],"replies":[{"embeddable":true,"href":"https:\/\/www.luma.fi\/sv\/wp-json\/wp\/v2\/comments?post=824"}],"version-history":[{"count":5,"href":"https:\/\/www.luma.fi\/sv\/wp-json\/wp\/v2\/pages\/824\/revisions"}],"predecessor-version":[{"id":15333,"href":"https:\/\/www.luma.fi\/sv\/wp-json\/wp\/v2\/pages\/824\/revisions\/15333"}],"wp:attachment":[{"href":"https:\/\/www.luma.fi\/sv\/wp-json\/wp\/v2\/media?parent=824"}],"curies":[{"name":"wp","href":"https:\/\/api.w.org\/{rel}","templated":true}]}}