{"id":15076,"date":"2025-09-29T14:56:57","date_gmt":"2025-09-29T12:56:57","guid":{"rendered":"https:\/\/www.myscience.fi\/?post_type=tribe_events&#038;p=15076"},"modified":"2025-12-01T13:05:57","modified_gmt":"2025-12-01T11:05:57","slug":"luma-veckan-2026","status":"publish","type":"tribe_events","link":"https:\/\/www.luma.fi\/sv\/tapahtuma\/luma-veckan-2026\/","title":{"rendered":"LUMA-veckan 2026"},"content":{"rendered":"<p>LUMA-veckan finns till f\u00f6r delad gl\u00e4dje \u00f6ver nya kunskaper och framsteg! Vi uppmuntrar alla inl\u00e4rningsgemenskaper att ordna mindre eller st\u00f6rre aktiviteter med naturvetenskapliga och matematiska f\u00f6rtecken under veckan. Under l\u00e4s\u00e5ret 2025\u20132026 firas LUMA-veckorna 2\u20136.2.2026. Under veckan ordnar LUMA-centren inspirerande aktiviteter p\u00e5 olika orter och \u00f6ver n\u00e4tet. Ni kan delta i aktiviteterna som ordnas av v\u00e5rt n\u00e4tverk eller skapa n\u00e5got p\u00e5 egen hand. Varm v\u00e4lkomna med!<\/p>\n<p>l\u00e4s mer om programmet h\u00e4r: <a href=\"https:\/\/www.luma.fi\/sv\/luma-veckan\/\">https:\/\/www.luma.fi\/sv\/luma-veckan\/<\/a><\/p>\n<p>Dela med er av era egna aktiviteter under LUMA-veckan p\u00e5 sociala medier med hj\u00e4lp av hashtaggen #LUMAviikko #LUMAveckan och tagga oss i era inl\u00e4gg med @lumasuomi. Vi vill g\u00e4rna sprida era inspirerande inl\u00e4gg i v\u00e5ra kanaler p\u00e5 sociala medier.<\/p>\n","protected":false},"excerpt":{"rendered":"<p>LUMA-veckan finns till f\u00f6r delad gl\u00e4dje \u00f6ver nya kunskaper och framsteg! Vi uppmuntrar alla inl\u00e4rningsgemenskaper att ordna mindre eller st\u00f6rre aktiviteter med naturvetenskapliga och matematiska f\u00f6rtecken under veckan. Under l\u00e4s\u00e5ret 2025\u20132026 firas LUMA-veckorna 2\u20136.2.2026. Under veckan ordnar LUMA-centren inspirerande aktiviteter p\u00e5 olika orter och \u00f6ver n\u00e4tet. Ni kan delta i aktiviteterna som ordnas av v\u00e5rt &#8230; <a title=\"LUMA-veckan 2026\" class=\"read-more\" href=\"https:\/\/www.luma.fi\/sv\/tapahtuma\/luma-veckan-2026\/\" aria-label=\"L\u00e4s mer om LUMA-veckan 2026\">L\u00e4s mer<\/a><\/p>\n","protected":false},"author":2,"featured_media":15073,"template":"","meta":{"_tribe_events_status":"","_tribe_events_status_reason":"","footnotes":""},"tags":[],"tribe_events_cat":[],"class_list":["post-15076","tribe_events","type-tribe_events","status-publish","has-post-thumbnail","hentry"],"yoast_head":"<!-- This site is optimized with the Yoast SEO plugin v27.5 - https:\/\/yoast.com\/product\/yoast-seo-wordpress\/ -->\n<title>LUMA-veckan 2026 - LUMA-keskus Suomi<\/title>\n<meta name=\"description\" content=\"Under l\u00e4s\u00e5ret 2025\u20132026 firas LUMA-veckorna 2\u20136.2.2026. Under veckan ordnar LUMA-centren inspirerande aktiviteter p\u00e5 olika orter och \u00f6ver n\u00e4tet.\" \/>\n<meta name=\"robots\" content=\"index, follow, max-snippet:-1, max-image-preview:large, max-video-preview:-1\" \/>\n<link rel=\"canonical\" href=\"https:\/\/www.luma.fi\/sv\/tapahtuma\/luma-veckan-2026\/\" \/>\n<meta property=\"og:locale\" content=\"sv_SE\" \/>\n<meta property=\"og:type\" content=\"article\" \/>\n<meta property=\"og:title\" content=\"LUMA-veckan 2026 - LUMA-keskus Suomi\" \/>\n<meta property=\"og:description\" content=\"Under l\u00e4s\u00e5ret 2025\u20132026 firas LUMA-veckorna 2\u20136.2.2026. Under veckan ordnar LUMA-centren inspirerande aktiviteter p\u00e5 olika orter och \u00f6ver n\u00e4tet.\" \/>\n<meta property=\"og:url\" content=\"https:\/\/www.luma.fi\/sv\/tapahtuma\/luma-veckan-2026\/\" \/>\n<meta property=\"og:site_name\" content=\"LUMA-keskus Suomi\" \/>\n<meta property=\"article:publisher\" content=\"https:\/\/www.facebook.com\/LUMAkeskusSuomi\/\" \/>\n<meta property=\"article:modified_time\" content=\"2025-12-01T11:05:57+00:00\" \/>\n<meta property=\"og:image\" content=\"https:\/\/www.luma.fi\/wp-content\/uploads\/2025\/12\/LUMA-viikko-2026_sv.png\" \/>\n\t<meta property=\"og:image:width\" content=\"1080\" \/>\n\t<meta property=\"og:image:height\" content=\"360\" \/>\n\t<meta property=\"og:image:type\" content=\"image\/png\" \/>\n<meta name=\"twitter:card\" content=\"summary_large_image\" \/>\n<meta name=\"twitter:label1\" content=\"Ber\u00e4knad l\u00e4stid\" \/>\n\t<meta name=\"twitter:data1\" content=\"1 minut\" \/>\n<script type=\"application\/ld+json\" class=\"yoast-schema-graph\">{\"@context\":\"https:\\\/\\\/schema.org\",\"@graph\":[{\"@type\":\"WebPage\",\"@id\":\"https:\\\/\\\/www.luma.fi\\\/sv\\\/tapahtuma\\\/luma-veckan-2026\\\/\",\"url\":\"https:\\\/\\\/www.luma.fi\\\/sv\\\/tapahtuma\\\/luma-veckan-2026\\\/\",\"name\":\"LUMA-veckan 2026 - LUMA-keskus Suomi\",\"isPartOf\":{\"@id\":\"https:\\\/\\\/www.luma.fi\\\/sv\\\/#website\"},\"primaryImageOfPage\":{\"@id\":\"https:\\\/\\\/www.luma.fi\\\/sv\\\/tapahtuma\\\/luma-veckan-2026\\\/#primaryimage\"},\"image\":{\"@id\":\"https:\\\/\\\/www.luma.fi\\\/sv\\\/tapahtuma\\\/luma-veckan-2026\\\/#primaryimage\"},\"thumbnailUrl\":\"https:\\\/\\\/www.luma.fi\\\/wp-content\\\/uploads\\\/2025\\\/12\\\/LUMA-viikko-2026_sv.png\",\"datePublished\":\"2025-09-29T12:56:57+00:00\",\"dateModified\":\"2025-12-01T11:05:57+00:00\",\"description\":\"Under l\u00e4s\u00e5ret 2025\u20132026 firas LUMA-veckorna 2\u20136.2.2026. Under veckan ordnar LUMA-centren inspirerande aktiviteter p\u00e5 olika orter och \u00f6ver n\u00e4tet.\",\"breadcrumb\":{\"@id\":\"https:\\\/\\\/www.luma.fi\\\/sv\\\/tapahtuma\\\/luma-veckan-2026\\\/#breadcrumb\"},\"inLanguage\":\"sv-SE\",\"potentialAction\":[{\"@type\":\"ReadAction\",\"target\":[\"https:\\\/\\\/www.luma.fi\\\/sv\\\/tapahtuma\\\/luma-veckan-2026\\\/\"]}]},{\"@type\":\"ImageObject\",\"inLanguage\":\"sv-SE\",\"@id\":\"https:\\\/\\\/www.luma.fi\\\/sv\\\/tapahtuma\\\/luma-veckan-2026\\\/#primaryimage\",\"url\":\"https:\\\/\\\/www.luma.fi\\\/wp-content\\\/uploads\\\/2025\\\/12\\\/LUMA-viikko-2026_sv.png\",\"contentUrl\":\"https:\\\/\\\/www.luma.fi\\\/wp-content\\\/uploads\\\/2025\\\/12\\\/LUMA-viikko-2026_sv.png\",\"width\":1080,\"height\":360,\"caption\":\"LUMA-veckan 2026-banderoll. Banderollen har texten LUMA-veckan 2026 mot en f\u00e4rgglad bakgrund.\"},{\"@type\":\"BreadcrumbList\",\"@id\":\"https:\\\/\\\/www.luma.fi\\\/sv\\\/tapahtuma\\\/luma-veckan-2026\\\/#breadcrumb\",\"itemListElement\":[{\"@type\":\"ListItem\",\"position\":1,\"name\":\"Etusivu\",\"item\":\"https:\\\/\\\/www.luma.fi\\\/sv\\\/\"},{\"@type\":\"ListItem\",\"position\":2,\"name\":\"Evenemang\",\"item\":\"https:\\\/\\\/www.luma.fi\\\/sv\\\/tapahtumat\\\/\"},{\"@type\":\"ListItem\",\"position\":3,\"name\":\"LUMA-veckan 2026\"}]},{\"@type\":\"WebSite\",\"@id\":\"https:\\\/\\\/www.luma.fi\\\/sv\\\/#website\",\"url\":\"https:\\\/\\\/www.luma.fi\\\/sv\\\/\",\"name\":\"LUMA-keskus Suomi\",\"description\":\"LUMA-keskus Suomi on 11 yliopiston tiedekasvatukseen ja teknologiakasvatukseen keskittyv&auml; verkosto. \",\"publisher\":{\"@id\":\"https:\\\/\\\/www.luma.fi\\\/sv\\\/#organization\"},\"potentialAction\":[{\"@type\":\"SearchAction\",\"target\":{\"@type\":\"EntryPoint\",\"urlTemplate\":\"https:\\\/\\\/www.luma.fi\\\/sv\\\/?s={search_term_string}\"},\"query-input\":{\"@type\":\"PropertyValueSpecification\",\"valueRequired\":true,\"valueName\":\"search_term_string\"}}],\"inLanguage\":\"sv-SE\"},{\"@type\":\"Organization\",\"@id\":\"https:\\\/\\\/www.luma.fi\\\/sv\\\/#organization\",\"name\":\"LUMA-keskus Suomi\",\"url\":\"https:\\\/\\\/www.luma.fi\\\/sv\\\/\",\"logo\":{\"@type\":\"ImageObject\",\"inLanguage\":\"sv-SE\",\"@id\":\"https:\\\/\\\/www.luma.fi\\\/sv\\\/#\\\/schema\\\/logo\\\/image\\\/\",\"url\":\"https:\\\/\\\/www.luma.fi\\\/wp-content\\\/uploads\\\/2025\\\/08\\\/luma_flower-multicolored_small.png\",\"contentUrl\":\"https:\\\/\\\/www.luma.fi\\\/wp-content\\\/uploads\\\/2025\\\/08\\\/luma_flower-multicolored_small.png\",\"width\":556,\"height\":557,\"caption\":\"LUMA-keskus Suomi\"},\"image\":{\"@id\":\"https:\\\/\\\/www.luma.fi\\\/sv\\\/#\\\/schema\\\/logo\\\/image\\\/\"},\"sameAs\":[\"https:\\\/\\\/www.facebook.com\\\/LUMAkeskusSuomi\\\/\",\"https:\\\/\\\/www.instagram.com\\\/lumasuomi\\\/\",\"https:\\\/\\\/www.youtube.com\\\/user\\\/lumakeskus\"]}]}<\/script>\n<!-- \/ Yoast SEO plugin. -->","yoast_head_json":{"title":"LUMA-veckan 2026 - LUMA-keskus Suomi","description":"Under l\u00e4s\u00e5ret 2025\u20132026 firas LUMA-veckorna 2\u20136.2.2026. Under veckan ordnar LUMA-centren inspirerande aktiviteter p\u00e5 olika orter och \u00f6ver n\u00e4tet.","robots":{"index":"index","follow":"follow","max-snippet":"max-snippet:-1","max-image-preview":"max-image-preview:large","max-video-preview":"max-video-preview:-1"},"canonical":"https:\/\/www.luma.fi\/sv\/tapahtuma\/luma-veckan-2026\/","og_locale":"sv_SE","og_type":"article","og_title":"LUMA-veckan 2026 - LUMA-keskus Suomi","og_description":"Under l\u00e4s\u00e5ret 2025\u20132026 firas LUMA-veckorna 2\u20136.2.2026. Under veckan ordnar LUMA-centren inspirerande aktiviteter p\u00e5 olika orter och \u00f6ver n\u00e4tet.","og_url":"https:\/\/www.luma.fi\/sv\/tapahtuma\/luma-veckan-2026\/","og_site_name":"LUMA-keskus Suomi","article_publisher":"https:\/\/www.facebook.com\/LUMAkeskusSuomi\/","article_modified_time":"2025-12-01T11:05:57+00:00","og_image":[{"width":1080,"height":360,"url":"https:\/\/www.luma.fi\/wp-content\/uploads\/2025\/12\/LUMA-viikko-2026_sv.png","type":"image\/png"}],"twitter_card":"summary_large_image","twitter_misc":{"Ber\u00e4knad l\u00e4stid":"1 minut"},"schema":{"@context":"https:\/\/schema.org","@graph":[{"@type":"WebPage","@id":"https:\/\/www.luma.fi\/sv\/tapahtuma\/luma-veckan-2026\/","url":"https:\/\/www.luma.fi\/sv\/tapahtuma\/luma-veckan-2026\/","name":"LUMA-veckan 2026 - LUMA-keskus Suomi","isPartOf":{"@id":"https:\/\/www.luma.fi\/sv\/#website"},"primaryImageOfPage":{"@id":"https:\/\/www.luma.fi\/sv\/tapahtuma\/luma-veckan-2026\/#primaryimage"},"image":{"@id":"https:\/\/www.luma.fi\/sv\/tapahtuma\/luma-veckan-2026\/#primaryimage"},"thumbnailUrl":"https:\/\/www.luma.fi\/wp-content\/uploads\/2025\/12\/LUMA-viikko-2026_sv.png","datePublished":"2025-09-29T12:56:57+00:00","dateModified":"2025-12-01T11:05:57+00:00","description":"Under l\u00e4s\u00e5ret 2025\u20132026 firas LUMA-veckorna 2\u20136.2.2026. Under veckan ordnar LUMA-centren inspirerande aktiviteter p\u00e5 olika orter och \u00f6ver n\u00e4tet.","breadcrumb":{"@id":"https:\/\/www.luma.fi\/sv\/tapahtuma\/luma-veckan-2026\/#breadcrumb"},"inLanguage":"sv-SE","potentialAction":[{"@type":"ReadAction","target":["https:\/\/www.luma.fi\/sv\/tapahtuma\/luma-veckan-2026\/"]}]},{"@type":"ImageObject","inLanguage":"sv-SE","@id":"https:\/\/www.luma.fi\/sv\/tapahtuma\/luma-veckan-2026\/#primaryimage","url":"https:\/\/www.luma.fi\/wp-content\/uploads\/2025\/12\/LUMA-viikko-2026_sv.png","contentUrl":"https:\/\/www.luma.fi\/wp-content\/uploads\/2025\/12\/LUMA-viikko-2026_sv.png","width":1080,"height":360,"caption":"LUMA-veckan 2026-banderoll. Banderollen har texten LUMA-veckan 2026 mot en f\u00e4rgglad bakgrund."},{"@type":"BreadcrumbList","@id":"https:\/\/www.luma.fi\/sv\/tapahtuma\/luma-veckan-2026\/#breadcrumb","itemListElement":[{"@type":"ListItem","position":1,"name":"Etusivu","item":"https:\/\/www.luma.fi\/sv\/"},{"@type":"ListItem","position":2,"name":"Evenemang","item":"https:\/\/www.luma.fi\/sv\/tapahtumat\/"},{"@type":"ListItem","position":3,"name":"LUMA-veckan 2026"}]},{"@type":"WebSite","@id":"https:\/\/www.luma.fi\/sv\/#website","url":"https:\/\/www.luma.fi\/sv\/","name":"LUMA-keskus Suomi","description":"LUMA-keskus Suomi on 11 yliopiston tiedekasvatukseen ja teknologiakasvatukseen keskittyv&auml; verkosto. ","publisher":{"@id":"https:\/\/www.luma.fi\/sv\/#organization"},"potentialAction":[{"@type":"SearchAction","target":{"@type":"EntryPoint","urlTemplate":"https:\/\/www.luma.fi\/sv\/?s={search_term_string}"},"query-input":{"@type":"PropertyValueSpecification","valueRequired":true,"valueName":"search_term_string"}}],"inLanguage":"sv-SE"},{"@type":"Organization","@id":"https:\/\/www.luma.fi\/sv\/#organization","name":"LUMA-keskus Suomi","url":"https:\/\/www.luma.fi\/sv\/","logo":{"@type":"ImageObject","inLanguage":"sv-SE","@id":"https:\/\/www.luma.fi\/sv\/#\/schema\/logo\/image\/","url":"https:\/\/www.luma.fi\/wp-content\/uploads\/2025\/08\/luma_flower-multicolored_small.png","contentUrl":"https:\/\/www.luma.fi\/wp-content\/uploads\/2025\/08\/luma_flower-multicolored_small.png","width":556,"height":557,"caption":"LUMA-keskus Suomi"},"image":{"@id":"https:\/\/www.luma.fi\/sv\/#\/schema\/logo\/image\/"},"sameAs":["https:\/\/www.facebook.com\/LUMAkeskusSuomi\/","https:\/\/www.instagram.com\/lumasuomi\/","https:\/\/www.youtube.com\/user\/lumakeskus"]}]}},"_links":{"self":[{"href":"https:\/\/www.luma.fi\/sv\/wp-json\/wp\/v2\/tribe_events\/15076","targetHints":{"allow":["GET"]}}],"collection":[{"href":"https:\/\/www.luma.fi\/sv\/wp-json\/wp\/v2\/tribe_events"}],"about":[{"href":"https:\/\/www.luma.fi\/sv\/wp-json\/wp\/v2\/types\/tribe_events"}],"author":[{"embeddable":true,"href":"https:\/\/www.luma.fi\/sv\/wp-json\/wp\/v2\/users\/2"}],"version-history":[{"count":1,"href":"https:\/\/www.luma.fi\/sv\/wp-json\/wp\/v2\/tribe_events\/15076\/revisions"}],"predecessor-version":[{"id":15077,"href":"https:\/\/www.luma.fi\/sv\/wp-json\/wp\/v2\/tribe_events\/15076\/revisions\/15077"}],"wp:featuredmedia":[{"embeddable":true,"href":"https:\/\/www.luma.fi\/sv\/wp-json\/wp\/v2\/media\/15073"}],"wp:attachment":[{"href":"https:\/\/www.luma.fi\/sv\/wp-json\/wp\/v2\/media?parent=15076"}],"wp:term":[{"taxonomy":"post_tag","embeddable":true,"href":"https:\/\/www.luma.fi\/sv\/wp-json\/wp\/v2\/tags?post=15076"},{"taxonomy":"tribe_events_cat","embeddable":true,"href":"https:\/\/www.luma.fi\/sv\/wp-json\/wp\/v2\/tribe_events_cat?post=15076"}],"curies":[{"name":"wp","href":"https:\/\/api.w.org\/{rel}","templated":true}]}}