{"id":16115,"date":"2026-04-29T11:17:58","date_gmt":"2026-04-29T09:17:58","guid":{"rendered":"https:\/\/www.luma.fi\/?post_type=tribe_events&#038;p=16115"},"modified":"2026-04-29T11:17:58","modified_gmt":"2026-04-29T09:17:58","slug":"narstudiedag-i-abo-skogsmatte-och-vitamininjektioner","status":"publish","type":"tribe_events","link":"https:\/\/www.luma.fi\/sv\/tapahtuma\/narstudiedag-i-abo-skogsmatte-och-vitamininjektioner\/","title":{"rendered":"N\u00e4rstudiedag i \u00c5bo: Skogsmatte och vitamininjektioner"},"content":{"rendered":"<p>Kom med p\u00e5 en inspirerande fortbildningsdag i \u00c5bo den 22.8.2026!<\/p>\n<p>M\u00e5lgrupp \u00e4r \u00e4mnesl\u00e4rare i \u00e5k 7\u20139 i naturvetenskapliga och matematiska \u00e4mnen. Under dagen g\u00e5r vi igenom konkreta och praktiska exempel p\u00e5 hur man genom temahelheter kan konkretisera och f\u00f6rdjupa elevernas \u00e4mneskunskaper. Under f\u00f6rmiddagen anv\u00e4nder vi temat \u201dskogsmatte\u201d som exempel och g\u00e5r igenom hur man kan arbeta med temat inom bland annat matematiken, biologin, kemin, fysiken och konst- och f\u00e4rdighets\u00e4mnena p\u00e5 ett roligt och intressant s\u00e4tt.<\/p>\n<p>P\u00e5 eftermiddagen k\u00f6r vi \u201dvitamininjektioner\u201d med olika exempel p\u00e5 hur man kan engagera eleverna mer i undervisningen och samh\u00e4llet inom de olika \u00e4mnena genom till exempel nyheter, probleml\u00f6sningsuppgifter och fr\u00e5gel\u00e5dor.<\/p>\n<p>S\u00e5 samla ihop n\u00e5gra kollegor och h\u00e4ng med! Under dagen f\u00e5r ni ocks\u00e5 tr\u00e4ffa n\u00e5gra andra kollegier och kan ta inspiration och st\u00f6d av varandra. Deltagandet \u00e4r gratis, men eventuella resor betalas sj\u00e4lv. Vi bjuder p\u00e5 lunch och kaffe.<\/p>\n<p><a href=\"https:\/\/www.abo.fi\/kontinuerligt-larande\/skolresurs\/skolresurs-lararfortbildning\/blicken-utanfor-boken\/\">L\u00e4s mera om n\u00e4rstudiedagen<\/a><\/p>\n","protected":false},"excerpt":{"rendered":"<p>Kom med p\u00e5 en inspirerande fortbildningsdag i \u00c5bo den 22.8.2026! M\u00e5lgrupp \u00e4r \u00e4mnesl\u00e4rare i \u00e5k 7\u20139 i naturvetenskapliga och matematiska \u00e4mnen. Under dagen g\u00e5r vi igenom konkreta och praktiska exempel p\u00e5 hur man genom temahelheter kan konkretisera och f\u00f6rdjupa elevernas \u00e4mneskunskaper. Under f\u00f6rmiddagen anv\u00e4nder vi temat \u201dskogsmatte\u201d som exempel och g\u00e5r igenom hur man kan &#8230; <a title=\"N\u00e4rstudiedag i \u00c5bo: Skogsmatte och vitamininjektioner\" class=\"read-more\" href=\"https:\/\/www.luma.fi\/sv\/tapahtuma\/narstudiedag-i-abo-skogsmatte-och-vitamininjektioner\/\" aria-label=\"L\u00e4s mer om N\u00e4rstudiedag i \u00c5bo: Skogsmatte och vitamininjektioner\">L\u00e4s mer<\/a><\/p>\n","protected":false},"author":2,"featured_media":0,"template":"","meta":{"_tribe_events_status":"","_tribe_events_status_reason":"","footnotes":""},"tags":[],"tribe_events_cat":[],"class_list":["post-16115","tribe_events","type-tribe_events","status-publish","hentry"],"yoast_head":"<!-- This site is optimized with the Yoast SEO plugin v27.5 - https:\/\/yoast.com\/product\/yoast-seo-wordpress\/ -->\n<title>N\u00e4rstudiedag i \u00c5bo: Skogsmatte och vitamininjektioner - LUMA-keskus Suomi<\/title>\n<meta name=\"description\" content=\"Kom med och skapa tillsammans helheter i l\u00e4randet \u00f6ver \u00e4mnesgr\u00e4nserna!\" \/>\n<meta name=\"robots\" content=\"index, follow, max-snippet:-1, max-image-preview:large, max-video-preview:-1\" \/>\n<link rel=\"canonical\" href=\"https:\/\/www.luma.fi\/sv\/tapahtuma\/narstudiedag-i-abo-skogsmatte-och-vitamininjektioner\/\" \/>\n<meta property=\"og:locale\" content=\"sv_SE\" \/>\n<meta property=\"og:type\" content=\"article\" \/>\n<meta property=\"og:title\" content=\"N\u00e4rstudiedag i \u00c5bo: Skogsmatte och vitamininjektioner - LUMA-keskus Suomi\" \/>\n<meta property=\"og:description\" content=\"Kom med och skapa tillsammans helheter i l\u00e4randet \u00f6ver \u00e4mnesgr\u00e4nserna!\" \/>\n<meta property=\"og:url\" content=\"https:\/\/www.luma.fi\/sv\/tapahtuma\/narstudiedag-i-abo-skogsmatte-och-vitamininjektioner\/\" \/>\n<meta property=\"og:site_name\" content=\"LUMA-keskus Suomi\" \/>\n<meta property=\"article:publisher\" content=\"https:\/\/www.facebook.com\/LUMAkeskusSuomi\/\" \/>\n<meta name=\"twitter:card\" content=\"summary_large_image\" \/>\n<meta name=\"twitter:label1\" content=\"Ber\u00e4knad l\u00e4stid\" \/>\n\t<meta name=\"twitter:data1\" content=\"1 minut\" \/>\n<script type=\"application\/ld+json\" class=\"yoast-schema-graph\">{\"@context\":\"https:\\\/\\\/schema.org\",\"@graph\":[{\"@type\":\"WebPage\",\"@id\":\"https:\\\/\\\/www.luma.fi\\\/sv\\\/tapahtuma\\\/narstudiedag-i-abo-skogsmatte-och-vitamininjektioner\\\/\",\"url\":\"https:\\\/\\\/www.luma.fi\\\/sv\\\/tapahtuma\\\/narstudiedag-i-abo-skogsmatte-och-vitamininjektioner\\\/\",\"name\":\"N\u00e4rstudiedag i \u00c5bo: Skogsmatte och vitamininjektioner - LUMA-keskus Suomi\",\"isPartOf\":{\"@id\":\"https:\\\/\\\/www.luma.fi\\\/sv\\\/#website\"},\"datePublished\":\"2026-04-29T09:17:58+00:00\",\"description\":\"Kom med och skapa tillsammans helheter i l\u00e4randet \u00f6ver \u00e4mnesgr\u00e4nserna!\",\"breadcrumb\":{\"@id\":\"https:\\\/\\\/www.luma.fi\\\/sv\\\/tapahtuma\\\/narstudiedag-i-abo-skogsmatte-och-vitamininjektioner\\\/#breadcrumb\"},\"inLanguage\":\"sv-SE\",\"potentialAction\":[{\"@type\":\"ReadAction\",\"target\":[\"https:\\\/\\\/www.luma.fi\\\/sv\\\/tapahtuma\\\/narstudiedag-i-abo-skogsmatte-och-vitamininjektioner\\\/\"]}]},{\"@type\":\"BreadcrumbList\",\"@id\":\"https:\\\/\\\/www.luma.fi\\\/sv\\\/tapahtuma\\\/narstudiedag-i-abo-skogsmatte-och-vitamininjektioner\\\/#breadcrumb\",\"itemListElement\":[{\"@type\":\"ListItem\",\"position\":1,\"name\":\"Etusivu\",\"item\":\"https:\\\/\\\/www.luma.fi\\\/sv\\\/\"},{\"@type\":\"ListItem\",\"position\":2,\"name\":\"Evenemang\",\"item\":\"https:\\\/\\\/www.luma.fi\\\/sv\\\/tapahtumat\\\/\"},{\"@type\":\"ListItem\",\"position\":3,\"name\":\"N\u00e4rstudiedag i \u00c5bo: Skogsmatte och vitamininjektioner\"}]},{\"@type\":\"WebSite\",\"@id\":\"https:\\\/\\\/www.luma.fi\\\/sv\\\/#website\",\"url\":\"https:\\\/\\\/www.luma.fi\\\/sv\\\/\",\"name\":\"LUMA-keskus Suomi\",\"description\":\"LUMA-keskus Suomi on 11 yliopiston tiedekasvatukseen ja teknologiakasvatukseen keskittyv&auml; verkosto. \",\"publisher\":{\"@id\":\"https:\\\/\\\/www.luma.fi\\\/sv\\\/#organization\"},\"potentialAction\":[{\"@type\":\"SearchAction\",\"target\":{\"@type\":\"EntryPoint\",\"urlTemplate\":\"https:\\\/\\\/www.luma.fi\\\/sv\\\/?s={search_term_string}\"},\"query-input\":{\"@type\":\"PropertyValueSpecification\",\"valueRequired\":true,\"valueName\":\"search_term_string\"}}],\"inLanguage\":\"sv-SE\"},{\"@type\":\"Organization\",\"@id\":\"https:\\\/\\\/www.luma.fi\\\/sv\\\/#organization\",\"name\":\"LUMA-keskus Suomi\",\"url\":\"https:\\\/\\\/www.luma.fi\\\/sv\\\/\",\"logo\":{\"@type\":\"ImageObject\",\"inLanguage\":\"sv-SE\",\"@id\":\"https:\\\/\\\/www.luma.fi\\\/sv\\\/#\\\/schema\\\/logo\\\/image\\\/\",\"url\":\"https:\\\/\\\/www.luma.fi\\\/wp-content\\\/uploads\\\/2025\\\/08\\\/luma_flower-multicolored_small.png\",\"contentUrl\":\"https:\\\/\\\/www.luma.fi\\\/wp-content\\\/uploads\\\/2025\\\/08\\\/luma_flower-multicolored_small.png\",\"width\":556,\"height\":557,\"caption\":\"LUMA-keskus Suomi\"},\"image\":{\"@id\":\"https:\\\/\\\/www.luma.fi\\\/sv\\\/#\\\/schema\\\/logo\\\/image\\\/\"},\"sameAs\":[\"https:\\\/\\\/www.facebook.com\\\/LUMAkeskusSuomi\\\/\",\"https:\\\/\\\/www.instagram.com\\\/lumasuomi\\\/\",\"https:\\\/\\\/www.youtube.com\\\/user\\\/lumakeskus\"]}]}<\/script>\n<!-- \/ Yoast SEO plugin. -->","yoast_head_json":{"title":"N\u00e4rstudiedag i \u00c5bo: Skogsmatte och vitamininjektioner - LUMA-keskus Suomi","description":"Kom med och skapa tillsammans helheter i l\u00e4randet \u00f6ver \u00e4mnesgr\u00e4nserna!","robots":{"index":"index","follow":"follow","max-snippet":"max-snippet:-1","max-image-preview":"max-image-preview:large","max-video-preview":"max-video-preview:-1"},"canonical":"https:\/\/www.luma.fi\/sv\/tapahtuma\/narstudiedag-i-abo-skogsmatte-och-vitamininjektioner\/","og_locale":"sv_SE","og_type":"article","og_title":"N\u00e4rstudiedag i \u00c5bo: Skogsmatte och vitamininjektioner - LUMA-keskus Suomi","og_description":"Kom med och skapa tillsammans helheter i l\u00e4randet \u00f6ver \u00e4mnesgr\u00e4nserna!","og_url":"https:\/\/www.luma.fi\/sv\/tapahtuma\/narstudiedag-i-abo-skogsmatte-och-vitamininjektioner\/","og_site_name":"LUMA-keskus Suomi","article_publisher":"https:\/\/www.facebook.com\/LUMAkeskusSuomi\/","twitter_card":"summary_large_image","twitter_misc":{"Ber\u00e4knad l\u00e4stid":"1 minut"},"schema":{"@context":"https:\/\/schema.org","@graph":[{"@type":"WebPage","@id":"https:\/\/www.luma.fi\/sv\/tapahtuma\/narstudiedag-i-abo-skogsmatte-och-vitamininjektioner\/","url":"https:\/\/www.luma.fi\/sv\/tapahtuma\/narstudiedag-i-abo-skogsmatte-och-vitamininjektioner\/","name":"N\u00e4rstudiedag i \u00c5bo: Skogsmatte och vitamininjektioner - LUMA-keskus Suomi","isPartOf":{"@id":"https:\/\/www.luma.fi\/sv\/#website"},"datePublished":"2026-04-29T09:17:58+00:00","description":"Kom med och skapa tillsammans helheter i l\u00e4randet \u00f6ver \u00e4mnesgr\u00e4nserna!","breadcrumb":{"@id":"https:\/\/www.luma.fi\/sv\/tapahtuma\/narstudiedag-i-abo-skogsmatte-och-vitamininjektioner\/#breadcrumb"},"inLanguage":"sv-SE","potentialAction":[{"@type":"ReadAction","target":["https:\/\/www.luma.fi\/sv\/tapahtuma\/narstudiedag-i-abo-skogsmatte-och-vitamininjektioner\/"]}]},{"@type":"BreadcrumbList","@id":"https:\/\/www.luma.fi\/sv\/tapahtuma\/narstudiedag-i-abo-skogsmatte-och-vitamininjektioner\/#breadcrumb","itemListElement":[{"@type":"ListItem","position":1,"name":"Etusivu","item":"https:\/\/www.luma.fi\/sv\/"},{"@type":"ListItem","position":2,"name":"Evenemang","item":"https:\/\/www.luma.fi\/sv\/tapahtumat\/"},{"@type":"ListItem","position":3,"name":"N\u00e4rstudiedag i \u00c5bo: Skogsmatte och vitamininjektioner"}]},{"@type":"WebSite","@id":"https:\/\/www.luma.fi\/sv\/#website","url":"https:\/\/www.luma.fi\/sv\/","name":"LUMA-keskus Suomi","description":"LUMA-keskus Suomi on 11 yliopiston tiedekasvatukseen ja teknologiakasvatukseen keskittyv&auml; verkosto. ","publisher":{"@id":"https:\/\/www.luma.fi\/sv\/#organization"},"potentialAction":[{"@type":"SearchAction","target":{"@type":"EntryPoint","urlTemplate":"https:\/\/www.luma.fi\/sv\/?s={search_term_string}"},"query-input":{"@type":"PropertyValueSpecification","valueRequired":true,"valueName":"search_term_string"}}],"inLanguage":"sv-SE"},{"@type":"Organization","@id":"https:\/\/www.luma.fi\/sv\/#organization","name":"LUMA-keskus Suomi","url":"https:\/\/www.luma.fi\/sv\/","logo":{"@type":"ImageObject","inLanguage":"sv-SE","@id":"https:\/\/www.luma.fi\/sv\/#\/schema\/logo\/image\/","url":"https:\/\/www.luma.fi\/wp-content\/uploads\/2025\/08\/luma_flower-multicolored_small.png","contentUrl":"https:\/\/www.luma.fi\/wp-content\/uploads\/2025\/08\/luma_flower-multicolored_small.png","width":556,"height":557,"caption":"LUMA-keskus Suomi"},"image":{"@id":"https:\/\/www.luma.fi\/sv\/#\/schema\/logo\/image\/"},"sameAs":["https:\/\/www.facebook.com\/LUMAkeskusSuomi\/","https:\/\/www.instagram.com\/lumasuomi\/","https:\/\/www.youtube.com\/user\/lumakeskus"]}]}},"_links":{"self":[{"href":"https:\/\/www.luma.fi\/sv\/wp-json\/wp\/v2\/tribe_events\/16115","targetHints":{"allow":["GET"]}}],"collection":[{"href":"https:\/\/www.luma.fi\/sv\/wp-json\/wp\/v2\/tribe_events"}],"about":[{"href":"https:\/\/www.luma.fi\/sv\/wp-json\/wp\/v2\/types\/tribe_events"}],"author":[{"embeddable":true,"href":"https:\/\/www.luma.fi\/sv\/wp-json\/wp\/v2\/users\/2"}],"version-history":[{"count":1,"href":"https:\/\/www.luma.fi\/sv\/wp-json\/wp\/v2\/tribe_events\/16115\/revisions"}],"predecessor-version":[{"id":16116,"href":"https:\/\/www.luma.fi\/sv\/wp-json\/wp\/v2\/tribe_events\/16115\/revisions\/16116"}],"wp:attachment":[{"href":"https:\/\/www.luma.fi\/sv\/wp-json\/wp\/v2\/media?parent=16115"}],"wp:term":[{"taxonomy":"post_tag","embeddable":true,"href":"https:\/\/www.luma.fi\/sv\/wp-json\/wp\/v2\/tags?post=16115"},{"taxonomy":"tribe_events_cat","embeddable":true,"href":"https:\/\/www.luma.fi\/sv\/wp-json\/wp\/v2\/tribe_events_cat?post=16115"}],"curies":[{"name":"wp","href":"https:\/\/api.w.org\/{rel}","templated":true}]}}